{"id":3248,"date":"2020-06-17T09:43:42","date_gmt":"2020-06-17T09:43:42","guid":{"rendered":"http:\/\/www.nicdarkthemes.com\/themes\/donation\/wp\/demo\/charity\/?page_id=1272"},"modified":"2025-01-08T02:04:47","modified_gmt":"2025-01-08T02:04:47","slug":"noticias","status":"publish","type":"page","link":"https:\/\/benpostacolombia.com\/en\/noticias\/","title":{"rendered":"News"},"content":{"rendered":"\t\t<div data-elementor-type=\"wp-page\" data-elementor-id=\"3248\" class=\"elementor elementor-3248\" data-elementor-post-type=\"page\">\n\t\t\t\t\t\t<section class=\"elementor-section elementor-top-section elementor-element elementor-element-278a164d elementor-section-stretched elementor-section-content-middle elementor-section-boxed elementor-section-height-default elementor-section-height-default\" data-id=\"278a164d\" data-element_type=\"section\" data-e-type=\"section\" data-settings=\"{&quot;stretch_section&quot;:&quot;section-stretched&quot;,&quot;background_background&quot;:&quot;classic&quot;}\">\n\t\t\t\t\t\t\t<div class=\"elementor-background-overlay\"><\/div>\n\t\t\t\t\t\t\t<div class=\"elementor-container elementor-column-gap-default\">\n\t\t\t\t\t<div class=\"elementor-column elementor-col-100 elementor-top-column elementor-element elementor-element-796e7a09\" data-id=\"796e7a09\" data-element_type=\"column\" data-e-type=\"column\">\n\t\t\t<div class=\"elementor-widget-wrap elementor-element-populated\">\n\t\t\t\t\t\t<div class=\"elementor-element elementor-element-2fce239a elementor-widget elementor-widget-heading\" data-id=\"2fce239a\" data-element_type=\"widget\" data-e-type=\"widget\" data-widget_type=\"heading.default\">\n\t\t\t\t<div class=\"elementor-widget-container\">\n\t\t\t\t\t<h1 class=\"elementor-heading-title elementor-size-default\">Voces que Transforman<\/h1>\t\t\t\t<\/div>\n\t\t\t\t<\/div>\n\t\t\t\t\t<\/div>\n\t\t<\/div>\n\t\t\t\t\t<\/div>\n\t\t<\/section>\n\t\t\t\t<section class=\"elementor-section elementor-top-section elementor-element elementor-element-47585ff elementor-section-full_width elementor-section-height-default elementor-section-height-default\" data-id=\"47585ff\" data-element_type=\"section\" data-e-type=\"section\">\n\t\t\t\t\t\t<div class=\"elementor-container elementor-column-gap-default\">\n\t\t\t\t\t<div class=\"elementor-column elementor-col-100 elementor-top-column elementor-element elementor-element-1fac1e31\" data-id=\"1fac1e31\" data-element_type=\"column\" data-e-type=\"column\">\n\t\t\t<div class=\"elementor-widget-wrap elementor-element-populated\">\n\t\t\t\t\t\t<div class=\"elementor-element elementor-element-723086bc elementor-widget elementor-widget-postgrid\" data-id=\"723086bc\" data-element_type=\"widget\" data-e-type=\"widget\" data-widget_type=\"postgrid.default\">\n\t\t\t\t<div class=\"elementor-widget-container\">\n\t\t\t\t\t\n<div class=\"nd_elements_section nd_elements_masonry_content nd_elements_posgrid_widget_l1\">\n<\/div>\t\t\t\t<\/div>\n\t\t\t\t<\/div>\n\t\t\t\t\t<\/div>\n\t\t<\/div>\n\t\t\t\t\t<\/div>\n\t\t<\/section>\n\t\t<div class=\"elementor-element elementor-element-20945db e-flex e-con-boxed e-con e-parent\" data-id=\"20945db\" data-element_type=\"container\" data-e-type=\"container\">\n\t\t\t\t\t<div class=\"e-con-inner\">\n\t\t\t\t<div class=\"elementor-element elementor-element-7ba340e elementor-widget elementor-widget-postgrid\" data-id=\"7ba340e\" data-element_type=\"widget\" data-e-type=\"widget\" data-widget_type=\"postgrid.default\">\n\t\t\t\t<div class=\"elementor-widget-container\">\n\t\t\t\t\t\n<div class=\"nd_elements_section nd_elements_masonry_content nd_elements_posgrid_widget_l1\">\n\t    \t<div class=\" nd_elements_width_33_percentage nd_elements_width_100_percentage_responsive nd_elements_float_left nd_elements_masonry_item nd_elements_padding_15 nd_elements_box_sizing_border_box\">\n\n\t    \t\t<div class=\"nd_elements_section nd_elements_background_color_fff nd_elements_box_shadow_0_0_15_0_0001\">\n\n\t\t    \t\t<a href=\"https:\/\/benpostacolombia.com\/en\/yo-quiero-que-por-fin-pase-algo\/\"><img decoding=\"async\" class=\"nd_elements_section\" alt=\"\" src=\"https:\/\/benpostacolombia.com\/wp-content\/uploads\/2026\/07\/DSC08282-1024x576.jpg\"><\/a>\n\n\t\t    \t\t<div class=\"nd_elements_section nd_elements_position_relative\">\n\t\t\t    \t\t<div style=\"background-color:#f2a922\" class=\"nd_elements_display_block nd_elements_width_60 nd_elements_height_60 nd_elements_text_align_center nd_elements_position_absolute nd_elements_right_30 nd_elements_top_30_negative nd_elements_top_60_negative_iphone nd_elements_right_20_iphone \">\n\t\t\t    \t\t\t<div class=\"nd_elements_section nd_elements_height_10\"><\/div>\n\t\t\t    \t\t\t<a href=\"https:\/\/benpostacolombia.com\/en\/yo-quiero-que-por-fin-pase-algo\/\"><h3 class=\"nd_elements_font_size_23 nd_elements_line_height_23 nd_elements_section nd_elements_letter_spacing_1 nd_options_color_white nd_elements_margin_0_important nd_elements_padding_0\"><strong>30<\/strong><\/h3><\/a>\n\t\t\t    \t\t\t<div class=\"nd_elements_section nd_elements_height_5\"><\/div>\n\t\t\t    \t\t\t<a href=\"https:\/\/benpostacolombia.com\/en\/yo-quiero-que-por-fin-pase-algo\/\"><h6 class=\"nd_elements_font_size_13 nd_elements_line_height_13 nd_elements_section nd_elements_letter_spacing_1 nd_elements_text_transform_uppercase nd_options_color_white nd_elements_margin_0_important nd_elements_padding_0\">July<\/h6><\/a>\n\t\t\t    \t\t<\/div>\n\t\t    \t\t<\/div>\n\n\n\t\t    \t\t<div class=\"nd_elements_section nd_elements_padding_40 nd_elements_padding_20_iphone nd_elements_box_sizing_border_box\">\n\t\t    \t\t \n\n\t\t    \t\t\t\n\t\t\t    <p class=\"nd_elements_margin_0_important nd_elements_padding_0 nd_elements_letter_spacing_1 nd_elements_font_size_13 nd_elements_text_transform_uppercase nd_elements_line_height_13 nd_elements_padding_left_15 nd_elements_border_left_style_solid nd_elements_border_width_2\">NOTICIAS<\/p>\n\t\t\t    <div class=\"nd_elements_section nd_elements_height_10\"><\/div>\n\t\t\t    \n\n\t\t\t\t    \t<a class=\"nd_elements_section\" href=\"https:\/\/benpostacolombia.com\/en\/yo-quiero-que-por-fin-pase-algo\/\">\n\t\t\t\t    \t\t<h3 class=\"nd_elements_font_size_23 nd_elements_word_break_break_word nd_elements_font_size_20_iphone nd_elements_line_height_23 nd_elements_margin_0_important nd_elements_letter_spacing_1\"><strong>Benposta Colombia se une al clamor de las sobrevivientes de violencias de g\u00e9nero: &#8220;Yo quiero que por fin pase algo&#8221;<\/strong><\/h3>\n\t\t\t\t    \t<\/a>\n\t\t\t\t    \t<div class=\"nd_elements_section nd_elements_height_20\"><\/div>\n\t\t\t\t    \t<p class=\"nd_elements_font_size_15 nd_elements_section nd_elements_margin_0_important nd_elements_line_height_2\">\u2013 En un hito para la construcci\u00f3n de paz y la justicia restaurativa en Colombia, Benposta Naci\u00f3n de Muchach@s, como parte de la Coalici\u00f3n contra la vinculaci\u00f3n de ni\u00f1os, ni\u00f1as y j\u00f3venes al conflicto armado en Colombia (COALICO), particip\u00f3 activamente en la entrega de la investigaci\u00f3n \u201cYo quiero que por fin pase algo\u201d. Este documento recoge insumos fundamentales para la creaci\u00f3n de iniciativas restaurativas dise\u00f1adas por mujeres sobrevivientes de reclutamiento il\u00edcito y violencias basadas en g\u00e9nero.<\/p>\n\t\t\t\t    \t<div class=\"nd_elements_section nd_elements_height_30\"><\/div>\n\n\t\t\t\t    \t<div class=\"nd_elements_section\">\n\t\t\t\t\t    \t<div class=\"nd_elements_float_left nd_elements_width_50_percentage nd_elements_width_100_percentage_iphone\">\n\n\t\t\t\t\t    \t\t<div class=\"nd_elements_display_table\">\n\t\t\t\t\t    \t\t\t<div class=\"nd_elements_display_table_cell nd_elements_vertical_align_middle\">\n\t\t\t\t\t    \t\t\t\t<img decoding=\"async\" alt=\"\" class=\" nd_elements_float_left nd_elements_border_radius_100_percentage_important \" width=\"25\" height=\"25\" src=\"https:\/\/secure.gravatar.com\/avatar\/28bd23334f30e973926ef65785f0d6e1229afc007798da8a3239b2ec9f24ce03?s=96&amp;d=mm&amp;r=g\">\n\t\t\t\t\t    \t\t\t<\/div>\n\t\t\t\t\t    \t\t\t<div class=\"nd_elements_display_table_cell nd_elements_vertical_align_middle\">\n\t\t\t\t\t    \t\t\t\t<p class=\"nd_elements_margin_0_important nd_elements_padding_left_10 nd_elements_font_size_15 nd_elements_line_height_15\">BENPOSTA<\/p>\n\t\t\t\t\t    \t\t\t<\/div>\n\t\t\t\t\t    \t\t<\/div>\n\n\t\t\t\t\t    \t\t\n\t\t\t\t\t\t\t\t\n\t\t\t\t\t    \t<\/div>\n\t\t\t\t\t    \t<div class=\"nd_elements_float_left nd_elements_width_50_percentage nd_elements_width_100_percentage_iphone nd_elements_margin_top_20_iphone\">\n\n\t\t\t\t\t    \t\t<div class=\"nd_elements_display_table\">\n\t\t\t\t\t    \t\t\t<div class=\"nd_elements_display_table_cell nd_elements_vertical_align_middle\">\n\t\t\t\t\t    \t\t\t\t<img decoding=\"async\" alt=\"\" class=\" nd_elements_float_left \" width=\"25\" height=\"25\" src=\"https:\/\/benpostacolombia.com\/wp-content\/plugins\/nd-elements\/widgets\/postgrid\/layout\/img\/comment-icon.png\">\n\t\t\t\t\t    \t\t\t<\/div>\n\t\t\t\t\t    \t\t\t<div class=\"nd_elements_display_table_cell nd_elements_vertical_align_middle\">\n\t\t\t\t\t    \t\t\t\t<p class=\"nd_elements_margin_0_important nd_elements_padding_left_10 nd_elements_font_size_15 nd_elements_line_height_15\">0 Comments<\/p>\n\t\t\t\t\t    \t\t\t<\/div>\n\t\t\t\t\t    \t\t<\/div>\n\n\t\t\t\t\t    \t<\/div>\n\t\t\t\t    \t<\/div>\n\n\t\t\t\t    \t\n\t\t\t\t\t\t\n\n\t\t\t\t\t<\/div>\n\n\t\t\t\t<\/div>\n\t\t    \t\n\t\t\t<\/div>\n\t    \t<div class=\" nd_elements_width_33_percentage nd_elements_width_100_percentage_responsive nd_elements_float_left nd_elements_masonry_item nd_elements_padding_15 nd_elements_box_sizing_border_box\">\n\n\t    \t\t<div class=\"nd_elements_section nd_elements_background_color_fff nd_elements_box_shadow_0_0_15_0_0001\">\n\n\t\t    \t\t<a href=\"https:\/\/benpostacolombia.com\/en\/la-eutopia-de-benposta\/\"><img decoding=\"async\" class=\"nd_elements_section\" alt=\"\" src=\"https:\/\/benpostacolombia.com\/wp-content\/uploads\/2026\/05\/DSC07376-1024x576.jpg\"><\/a>\n\n\t\t    \t\t<div class=\"nd_elements_section nd_elements_position_relative\">\n\t\t\t    \t\t<div style=\"background-color:#f2a922\" class=\"nd_elements_display_block nd_elements_width_60 nd_elements_height_60 nd_elements_text_align_center nd_elements_position_absolute nd_elements_right_30 nd_elements_top_30_negative nd_elements_top_60_negative_iphone nd_elements_right_20_iphone \">\n\t\t\t    \t\t\t<div class=\"nd_elements_section nd_elements_height_10\"><\/div>\n\t\t\t    \t\t\t<a href=\"https:\/\/benpostacolombia.com\/en\/la-eutopia-de-benposta\/\"><h3 class=\"nd_elements_font_size_23 nd_elements_line_height_23 nd_elements_section nd_elements_letter_spacing_1 nd_options_color_white nd_elements_margin_0_important nd_elements_padding_0\"><strong>4<\/strong><\/h3><\/a>\n\t\t\t    \t\t\t<div class=\"nd_elements_section nd_elements_height_5\"><\/div>\n\t\t\t    \t\t\t<a href=\"https:\/\/benpostacolombia.com\/en\/la-eutopia-de-benposta\/\"><h6 class=\"nd_elements_font_size_13 nd_elements_line_height_13 nd_elements_section nd_elements_letter_spacing_1 nd_elements_text_transform_uppercase nd_options_color_white nd_elements_margin_0_important nd_elements_padding_0\">May<\/h6><\/a>\n\t\t\t    \t\t<\/div>\n\t\t    \t\t<\/div>\n\n\n\t\t    \t\t<div class=\"nd_elements_section nd_elements_padding_40 nd_elements_padding_20_iphone nd_elements_box_sizing_border_box\">\n\t\t    \t\t \n\n\t\t    \t\t\t\n\t\t\t    <p class=\"nd_elements_margin_0_important nd_elements_padding_0 nd_elements_letter_spacing_1 nd_elements_font_size_13 nd_elements_text_transform_uppercase nd_elements_line_height_13 nd_elements_padding_left_15 nd_elements_border_left_style_solid nd_elements_border_width_2\">NOTICIAS<\/p>\n\t\t\t    <div class=\"nd_elements_section nd_elements_height_10\"><\/div>\n\t\t\t    \n\n\t\t\t\t    \t<a class=\"nd_elements_section\" href=\"https:\/\/benpostacolombia.com\/en\/la-eutopia-de-benposta\/\">\n\t\t\t\t    \t\t<h3 class=\"nd_elements_font_size_23 nd_elements_word_break_break_word nd_elements_font_size_20_iphone nd_elements_line_height_23 nd_elements_margin_0_important nd_elements_letter_spacing_1\"><strong>Benposta Colombia: 52 a\u00f1os celebrando la eutop\u00eda y el derecho de las ni\u00f1as, ni\u00f1os y adolescentes a ser luz y re-existir en paz.<\/strong><\/h3>\n\t\t\t\t    \t<\/a>\n\t\t\t\t    \t<div class=\"nd_elements_section nd_elements_height_20\"><\/div>\n\t\t\t\t    \t<p class=\"nd_elements_font_size_15 nd_elements_section nd_elements_margin_0_important nd_elements_line_height_2\">\u00a0 Benposta Colombia: 52 a\u00f1os celebrando la eutop\u00eda y elderecho de las ni\u00f1as, ni\u00f1os y adolescentes a ser luz y re-existir en paz. En su aniversario, la comunidad reafirma el autogobierno y la paz como realidades posibles.\u00a0 \u00a0 En un mundo a menudo agotado por el inmediatismo, Benposta Colombia celebra 52 a\u00f1os consolid\u00e1ndose como un [&hellip;]<\/p>\n\t\t\t\t    \t<div class=\"nd_elements_section nd_elements_height_30\"><\/div>\n\n\t\t\t\t    \t<div class=\"nd_elements_section\">\n\t\t\t\t\t    \t<div class=\"nd_elements_float_left nd_elements_width_50_percentage nd_elements_width_100_percentage_iphone\">\n\n\t\t\t\t\t    \t\t<div class=\"nd_elements_display_table\">\n\t\t\t\t\t    \t\t\t<div class=\"nd_elements_display_table_cell nd_elements_vertical_align_middle\">\n\t\t\t\t\t    \t\t\t\t<img decoding=\"async\" alt=\"\" class=\" nd_elements_float_left nd_elements_border_radius_100_percentage_important \" width=\"25\" height=\"25\" src=\"https:\/\/secure.gravatar.com\/avatar\/28bd23334f30e973926ef65785f0d6e1229afc007798da8a3239b2ec9f24ce03?s=96&amp;d=mm&amp;r=g\">\n\t\t\t\t\t    \t\t\t<\/div>\n\t\t\t\t\t    \t\t\t<div class=\"nd_elements_display_table_cell nd_elements_vertical_align_middle\">\n\t\t\t\t\t    \t\t\t\t<p class=\"nd_elements_margin_0_important nd_elements_padding_left_10 nd_elements_font_size_15 nd_elements_line_height_15\">BENPOSTA<\/p>\n\t\t\t\t\t    \t\t\t<\/div>\n\t\t\t\t\t    \t\t<\/div>\n\n\t\t\t\t\t    \t\t\n\t\t\t\t\t\t\t\t\n\t\t\t\t\t    \t<\/div>\n\t\t\t\t\t    \t<div class=\"nd_elements_float_left nd_elements_width_50_percentage nd_elements_width_100_percentage_iphone nd_elements_margin_top_20_iphone\">\n\n\t\t\t\t\t    \t\t<div class=\"nd_elements_display_table\">\n\t\t\t\t\t    \t\t\t<div class=\"nd_elements_display_table_cell nd_elements_vertical_align_middle\">\n\t\t\t\t\t    \t\t\t\t<img decoding=\"async\" alt=\"\" class=\" nd_elements_float_left \" width=\"25\" height=\"25\" src=\"https:\/\/benpostacolombia.com\/wp-content\/plugins\/nd-elements\/widgets\/postgrid\/layout\/img\/comment-icon.png\">\n\t\t\t\t\t    \t\t\t<\/div>\n\t\t\t\t\t    \t\t\t<div class=\"nd_elements_display_table_cell nd_elements_vertical_align_middle\">\n\t\t\t\t\t    \t\t\t\t<p class=\"nd_elements_margin_0_important nd_elements_padding_left_10 nd_elements_font_size_15 nd_elements_line_height_15\">0 Comments<\/p>\n\t\t\t\t\t    \t\t\t<\/div>\n\t\t\t\t\t    \t\t<\/div>\n\n\t\t\t\t\t    \t<\/div>\n\t\t\t\t    \t<\/div>\n\n\t\t\t\t    \t\n\t\t\t\t\t\t\n\n\t\t\t\t\t<\/div>\n\n\t\t\t\t<\/div>\n\t\t    \t\n\t\t\t<\/div>\n\t    \t<div class=\" nd_elements_width_33_percentage nd_elements_width_100_percentage_responsive nd_elements_float_left nd_elements_masonry_item nd_elements_padding_15 nd_elements_box_sizing_border_box\">\n\n\t    \t\t<div class=\"nd_elements_section nd_elements_background_color_fff nd_elements_box_shadow_0_0_15_0_0001\">\n\n\t\t    \t\t<a href=\"https:\/\/benpostacolombia.com\/en\/el-derecho-a-sonar-sin-miedo\/\"><img decoding=\"async\" class=\"nd_elements_section\" alt=\"\" src=\"https:\/\/benpostacolombia.com\/wp-content\/uploads\/2026\/03\/3.-WEB-Nacidxs-para-pensar-no-para-matar_-600-x-100-px-1200-x-800-px-1024x683.png\"><\/a>\n\n\t\t    \t\t<div class=\"nd_elements_section nd_elements_position_relative\">\n\t\t\t    \t\t<div style=\"background-color:#f2a922\" class=\"nd_elements_display_block nd_elements_width_60 nd_elements_height_60 nd_elements_text_align_center nd_elements_position_absolute nd_elements_right_30 nd_elements_top_30_negative nd_elements_top_60_negative_iphone nd_elements_right_20_iphone \">\n\t\t\t    \t\t\t<div class=\"nd_elements_section nd_elements_height_10\"><\/div>\n\t\t\t    \t\t\t<a href=\"https:\/\/benpostacolombia.com\/en\/el-derecho-a-sonar-sin-miedo\/\"><h3 class=\"nd_elements_font_size_23 nd_elements_line_height_23 nd_elements_section nd_elements_letter_spacing_1 nd_options_color_white nd_elements_margin_0_important nd_elements_padding_0\"><strong>13<\/strong><\/h3><\/a>\n\t\t\t    \t\t\t<div class=\"nd_elements_section nd_elements_height_5\"><\/div>\n\t\t\t    \t\t\t<a href=\"https:\/\/benpostacolombia.com\/en\/el-derecho-a-sonar-sin-miedo\/\"><h6 class=\"nd_elements_font_size_13 nd_elements_line_height_13 nd_elements_section nd_elements_letter_spacing_1 nd_elements_text_transform_uppercase nd_options_color_white nd_elements_margin_0_important nd_elements_padding_0\">March<\/h6><\/a>\n\t\t\t    \t\t<\/div>\n\t\t    \t\t<\/div>\n\n\n\t\t    \t\t<div class=\"nd_elements_section nd_elements_padding_40 nd_elements_padding_20_iphone nd_elements_box_sizing_border_box\">\n\t\t    \t\t \n\n\t\t    \t\t\t\n\t\t\t    <p class=\"nd_elements_margin_0_important nd_elements_padding_0 nd_elements_letter_spacing_1 nd_elements_font_size_13 nd_elements_text_transform_uppercase nd_elements_line_height_13 nd_elements_padding_left_15 nd_elements_border_left_style_solid nd_elements_border_width_2\">NOTICIAS<\/p>\n\t\t\t    <div class=\"nd_elements_section nd_elements_height_10\"><\/div>\n\t\t\t    \n\n\t\t\t\t    \t<a class=\"nd_elements_section\" href=\"https:\/\/benpostacolombia.com\/en\/el-derecho-a-sonar-sin-miedo\/\">\n\t\t\t\t    \t\t<h3 class=\"nd_elements_font_size_23 nd_elements_word_break_break_word nd_elements_font_size_20_iphone nd_elements_line_height_23 nd_elements_margin_0_important nd_elements_letter_spacing_1\"><strong>El derecho a so\u00f1ar sin miedo<\/strong><\/h3>\n\t\t\t\t    \t<\/a>\n\t\t\t\t    \t<div class=\"nd_elements_section nd_elements_height_20\"><\/div>\n\t\t\t\t    \t<p class=\"nd_elements_font_size_15 nd_elements_section nd_elements_margin_0_important nd_elements_line_height_2\">Benposta Colombia recibe el reconocimiento del \u00faltimo secretariado de las extintas FARC-EP ante la JEP sobre el reclutamiento de ni\u00f1as, ni\u00f1os y adolescentes como un crimen de guerra.  Desde Benposta reiteramos que la ni\u00f1ez no es lugar para la guerra y que la paz solo ser\u00e1 posible cuando las ni\u00f1as, ni\u00f1os y adolescentes puedan crecer con dignidad, sin miedo y con la posibilidad de so\u00f1ar un futuro distinto.<\/p>\n\t\t\t\t    \t<div class=\"nd_elements_section nd_elements_height_30\"><\/div>\n\n\t\t\t\t    \t<div class=\"nd_elements_section\">\n\t\t\t\t\t    \t<div class=\"nd_elements_float_left nd_elements_width_50_percentage nd_elements_width_100_percentage_iphone\">\n\n\t\t\t\t\t    \t\t<div class=\"nd_elements_display_table\">\n\t\t\t\t\t    \t\t\t<div class=\"nd_elements_display_table_cell nd_elements_vertical_align_middle\">\n\t\t\t\t\t    \t\t\t\t<img decoding=\"async\" alt=\"\" class=\" nd_elements_float_left nd_elements_border_radius_100_percentage_important \" width=\"25\" height=\"25\" src=\"https:\/\/secure.gravatar.com\/avatar\/28bd23334f30e973926ef65785f0d6e1229afc007798da8a3239b2ec9f24ce03?s=96&amp;d=mm&amp;r=g\">\n\t\t\t\t\t    \t\t\t<\/div>\n\t\t\t\t\t    \t\t\t<div class=\"nd_elements_display_table_cell nd_elements_vertical_align_middle\">\n\t\t\t\t\t    \t\t\t\t<p class=\"nd_elements_margin_0_important nd_elements_padding_left_10 nd_elements_font_size_15 nd_elements_line_height_15\">BENPOSTA<\/p>\n\t\t\t\t\t    \t\t\t<\/div>\n\t\t\t\t\t    \t\t<\/div>\n\n\t\t\t\t\t    \t\t\n\t\t\t\t\t\t\t\t\n\t\t\t\t\t    \t<\/div>\n\t\t\t\t\t    \t<div class=\"nd_elements_float_left nd_elements_width_50_percentage nd_elements_width_100_percentage_iphone nd_elements_margin_top_20_iphone\">\n\n\t\t\t\t\t    \t\t<div class=\"nd_elements_display_table\">\n\t\t\t\t\t    \t\t\t<div class=\"nd_elements_display_table_cell nd_elements_vertical_align_middle\">\n\t\t\t\t\t    \t\t\t\t<img decoding=\"async\" alt=\"\" class=\" nd_elements_float_left \" width=\"25\" height=\"25\" src=\"https:\/\/benpostacolombia.com\/wp-content\/plugins\/nd-elements\/widgets\/postgrid\/layout\/img\/comment-icon.png\">\n\t\t\t\t\t    \t\t\t<\/div>\n\t\t\t\t\t    \t\t\t<div class=\"nd_elements_display_table_cell nd_elements_vertical_align_middle\">\n\t\t\t\t\t    \t\t\t\t<p class=\"nd_elements_margin_0_important nd_elements_padding_left_10 nd_elements_font_size_15 nd_elements_line_height_15\">0 Comments<\/p>\n\t\t\t\t\t    \t\t\t<\/div>\n\t\t\t\t\t    \t\t<\/div>\n\n\t\t\t\t\t    \t<\/div>\n\t\t\t\t    \t<\/div>\n\n\t\t\t\t    \t\n\t\t\t\t\t\t\n\n\t\t\t\t\t<\/div>\n\n\t\t\t\t<\/div>\n\t\t    \t\n\t\t\t<\/div>\n\t    \t<div class=\" nd_elements_width_33_percentage nd_elements_width_100_percentage_responsive nd_elements_float_left nd_elements_masonry_item nd_elements_padding_15 nd_elements_box_sizing_border_box\">\n\n\t    \t\t<div class=\"nd_elements_section nd_elements_background_color_fff nd_elements_box_shadow_0_0_15_0_0001\">\n\n\t\t    \t\t<a href=\"https:\/\/benpostacolombia.com\/en\/12-de-febrero-2026-dia-de-la-mano-roja-comunicado-oficial-de-benposta\/\"><img decoding=\"async\" class=\"nd_elements_section\" alt=\"\" src=\"https:\/\/benpostacolombia.com\/wp-content\/uploads\/2026\/02\/IMG_8165-1024x683.jpg\"><\/a>\n\n\t\t    \t\t<div class=\"nd_elements_section nd_elements_position_relative\">\n\t\t\t    \t\t<div style=\"background-color:#f2a922\" class=\"nd_elements_display_block nd_elements_width_60 nd_elements_height_60 nd_elements_text_align_center nd_elements_position_absolute nd_elements_right_30 nd_elements_top_30_negative nd_elements_top_60_negative_iphone nd_elements_right_20_iphone \">\n\t\t\t    \t\t\t<div class=\"nd_elements_section nd_elements_height_10\"><\/div>\n\t\t\t    \t\t\t<a href=\"https:\/\/benpostacolombia.com\/en\/12-de-febrero-2026-dia-de-la-mano-roja-comunicado-oficial-de-benposta\/\"><h3 class=\"nd_elements_font_size_23 nd_elements_line_height_23 nd_elements_section nd_elements_letter_spacing_1 nd_options_color_white nd_elements_margin_0_important nd_elements_padding_0\"><strong>13<\/strong><\/h3><\/a>\n\t\t\t    \t\t\t<div class=\"nd_elements_section nd_elements_height_5\"><\/div>\n\t\t\t    \t\t\t<a href=\"https:\/\/benpostacolombia.com\/en\/12-de-febrero-2026-dia-de-la-mano-roja-comunicado-oficial-de-benposta\/\"><h6 class=\"nd_elements_font_size_13 nd_elements_line_height_13 nd_elements_section nd_elements_letter_spacing_1 nd_elements_text_transform_uppercase nd_options_color_white nd_elements_margin_0_important nd_elements_padding_0\">February<\/h6><\/a>\n\t\t\t    \t\t<\/div>\n\t\t    \t\t<\/div>\n\n\n\t\t    \t\t<div class=\"nd_elements_section nd_elements_padding_40 nd_elements_padding_20_iphone nd_elements_box_sizing_border_box\">\n\t\t    \t\t \n\n\t\t    \t\t\t\n\t\t\t    <p class=\"nd_elements_margin_0_important nd_elements_padding_0 nd_elements_letter_spacing_1 nd_elements_font_size_13 nd_elements_text_transform_uppercase nd_elements_line_height_13 nd_elements_padding_left_15 nd_elements_border_left_style_solid nd_elements_border_width_2\">NOTICIAS<\/p>\n\t\t\t    <div class=\"nd_elements_section nd_elements_height_10\"><\/div>\n\t\t\t    \n\n\t\t\t\t    \t<a class=\"nd_elements_section\" href=\"https:\/\/benpostacolombia.com\/en\/12-de-febrero-2026-dia-de-la-mano-roja-comunicado-oficial-de-benposta\/\">\n\t\t\t\t    \t\t<h3 class=\"nd_elements_font_size_23 nd_elements_word_break_break_word nd_elements_font_size_20_iphone nd_elements_line_height_23 nd_elements_margin_0_important nd_elements_letter_spacing_1\"><strong>12 de febrero 2026, d\u00eda de la Manos Rojas. Comunicado oficial de Benposta<\/strong><\/h3>\n\t\t\t\t    \t<\/a>\n\t\t\t\t    \t<div class=\"nd_elements_section nd_elements_height_20\"><\/div>\n\t\t\t\t    \t<p class=\"nd_elements_font_size_15 nd_elements_section nd_elements_margin_0_important nd_elements_line_height_2\">Durante el #12DeFebrero, D\u00eda Internacional contra el reclutamiento infantil, desde Benposta Colombia alzamos nuestras manos rojas &#x270b;&#x1f3fd;&#x1f534; para exigir paz y vida digna. Ning\u00fan ni\u00f1o, ni\u00f1a o adolescente debe cargar un arma en vez de libros. #D\u00edaDeLasManosRojas #LaNi\u00f1ezSeProtege <\/p>\n\t\t\t\t    \t<div class=\"nd_elements_section nd_elements_height_30\"><\/div>\n\n\t\t\t\t    \t<div class=\"nd_elements_section\">\n\t\t\t\t\t    \t<div class=\"nd_elements_float_left nd_elements_width_50_percentage nd_elements_width_100_percentage_iphone\">\n\n\t\t\t\t\t    \t\t<div class=\"nd_elements_display_table\">\n\t\t\t\t\t    \t\t\t<div class=\"nd_elements_display_table_cell nd_elements_vertical_align_middle\">\n\t\t\t\t\t    \t\t\t\t<img decoding=\"async\" alt=\"\" class=\" nd_elements_float_left nd_elements_border_radius_100_percentage_important \" width=\"25\" height=\"25\" src=\"https:\/\/secure.gravatar.com\/avatar\/28bd23334f30e973926ef65785f0d6e1229afc007798da8a3239b2ec9f24ce03?s=96&amp;d=mm&amp;r=g\">\n\t\t\t\t\t    \t\t\t<\/div>\n\t\t\t\t\t    \t\t\t<div class=\"nd_elements_display_table_cell nd_elements_vertical_align_middle\">\n\t\t\t\t\t    \t\t\t\t<p class=\"nd_elements_margin_0_important nd_elements_padding_left_10 nd_elements_font_size_15 nd_elements_line_height_15\">BENPOSTA<\/p>\n\t\t\t\t\t    \t\t\t<\/div>\n\t\t\t\t\t    \t\t<\/div>\n\n\t\t\t\t\t    \t\t\n\t\t\t\t\t\t\t\t\n\t\t\t\t\t    \t<\/div>\n\t\t\t\t\t    \t<div class=\"nd_elements_float_left nd_elements_width_50_percentage nd_elements_width_100_percentage_iphone nd_elements_margin_top_20_iphone\">\n\n\t\t\t\t\t    \t\t<div class=\"nd_elements_display_table\">\n\t\t\t\t\t    \t\t\t<div class=\"nd_elements_display_table_cell nd_elements_vertical_align_middle\">\n\t\t\t\t\t    \t\t\t\t<img decoding=\"async\" alt=\"\" class=\" nd_elements_float_left \" width=\"25\" height=\"25\" src=\"https:\/\/benpostacolombia.com\/wp-content\/plugins\/nd-elements\/widgets\/postgrid\/layout\/img\/comment-icon.png\">\n\t\t\t\t\t    \t\t\t<\/div>\n\t\t\t\t\t    \t\t\t<div class=\"nd_elements_display_table_cell nd_elements_vertical_align_middle\">\n\t\t\t\t\t    \t\t\t\t<p class=\"nd_elements_margin_0_important nd_elements_padding_left_10 nd_elements_font_size_15 nd_elements_line_height_15\">0 Comments<\/p>\n\t\t\t\t\t    \t\t\t<\/div>\n\t\t\t\t\t    \t\t<\/div>\n\n\t\t\t\t\t    \t<\/div>\n\t\t\t\t    \t<\/div>\n\n\t\t\t\t    \t\n\t\t\t\t\t\t\n\n\t\t\t\t\t<\/div>\n\n\t\t\t\t<\/div>\n\t\t    \t\n\t\t\t<\/div>\n\t    \t<div class=\" nd_elements_width_33_percentage nd_elements_width_100_percentage_responsive nd_elements_float_left nd_elements_masonry_item nd_elements_padding_15 nd_elements_box_sizing_border_box\">\n\n\t    \t\t<div class=\"nd_elements_section nd_elements_background_color_fff nd_elements_box_shadow_0_0_15_0_0001\">\n\n\t\t    \t\t<a href=\"https:\/\/benpostacolombia.com\/en\/nunca-mas-ninas-ninos-y-adolescentes-en-la-guerra-esta-en-nuestras-manos\/\"><img decoding=\"async\" class=\"nd_elements_section\" alt=\"\" src=\"https:\/\/benpostacolombia.com\/wp-content\/uploads\/2025\/02\/WhatsApp-Image-2025-02-27-at-6.48.37-2-AM-1024x768.jpeg\"><\/a>\n\n\t\t    \t\t<div class=\"nd_elements_section nd_elements_position_relative\">\n\t\t\t    \t\t<div style=\"background-color:#f2a922\" class=\"nd_elements_display_block nd_elements_width_60 nd_elements_height_60 nd_elements_text_align_center nd_elements_position_absolute nd_elements_right_30 nd_elements_top_30_negative nd_elements_top_60_negative_iphone nd_elements_right_20_iphone \">\n\t\t\t    \t\t\t<div class=\"nd_elements_section nd_elements_height_10\"><\/div>\n\t\t\t    \t\t\t<a href=\"https:\/\/benpostacolombia.com\/en\/nunca-mas-ninas-ninos-y-adolescentes-en-la-guerra-esta-en-nuestras-manos\/\"><h3 class=\"nd_elements_font_size_23 nd_elements_line_height_23 nd_elements_section nd_elements_letter_spacing_1 nd_options_color_white nd_elements_margin_0_important nd_elements_padding_0\"><strong>27<\/strong><\/h3><\/a>\n\t\t\t    \t\t\t<div class=\"nd_elements_section nd_elements_height_5\"><\/div>\n\t\t\t    \t\t\t<a href=\"https:\/\/benpostacolombia.com\/en\/nunca-mas-ninas-ninos-y-adolescentes-en-la-guerra-esta-en-nuestras-manos\/\"><h6 class=\"nd_elements_font_size_13 nd_elements_line_height_13 nd_elements_section nd_elements_letter_spacing_1 nd_elements_text_transform_uppercase nd_options_color_white nd_elements_margin_0_important nd_elements_padding_0\">February<\/h6><\/a>\n\t\t\t    \t\t<\/div>\n\t\t    \t\t<\/div>\n\n\n\t\t    \t\t<div class=\"nd_elements_section nd_elements_padding_40 nd_elements_padding_20_iphone nd_elements_box_sizing_border_box\">\n\t\t    \t\t \n\n\t\t    \t\t\t\n\t\t\t    <p class=\"nd_elements_margin_0_important nd_elements_padding_0 nd_elements_letter_spacing_1 nd_elements_font_size_13 nd_elements_text_transform_uppercase nd_elements_line_height_13 nd_elements_padding_left_15 nd_elements_border_left_style_solid nd_elements_border_width_2\">NOTICIAS<\/p>\n\t\t\t    <div class=\"nd_elements_section nd_elements_height_10\"><\/div>\n\t\t\t    \n\n\t\t\t\t    \t<a class=\"nd_elements_section\" href=\"https:\/\/benpostacolombia.com\/en\/nunca-mas-ninas-ninos-y-adolescentes-en-la-guerra-esta-en-nuestras-manos\/\">\n\t\t\t\t    \t\t<h3 class=\"nd_elements_font_size_23 nd_elements_word_break_break_word nd_elements_font_size_20_iphone nd_elements_line_height_23 nd_elements_margin_0_important nd_elements_letter_spacing_1\"><strong>NUNCA MAS&#8230;. NI\u00d1AS, NI\u00d1OS Y ADOLESCENTES EN LA GUERRA: ESTA EN NUESTRAS MANOS<\/strong><\/h3>\n\t\t\t\t    \t<\/a>\n\t\t\t\t    \t<div class=\"nd_elements_section nd_elements_height_20\"><\/div>\n\t\t\t\t    \t<p class=\"nd_elements_font_size_15 nd_elements_section nd_elements_margin_0_important nd_elements_line_height_2\">Las ni\u00f1as, ni\u00f1os y adolescentes de Colombia, acompa\u00f1ados por organizaciones de la sociedad civil colombiana, gobierno y comunidad internacional se manifiestan y exigen a los grupos armados para el reclutamiento y al gobierno garantias para permanecer de forma digna en sus territorios. <\/p>\n\t\t\t\t    \t<div class=\"nd_elements_section nd_elements_height_30\"><\/div>\n\n\t\t\t\t    \t<div class=\"nd_elements_section\">\n\t\t\t\t\t    \t<div class=\"nd_elements_float_left nd_elements_width_50_percentage nd_elements_width_100_percentage_iphone\">\n\n\t\t\t\t\t    \t\t<div class=\"nd_elements_display_table\">\n\t\t\t\t\t    \t\t\t<div class=\"nd_elements_display_table_cell nd_elements_vertical_align_middle\">\n\t\t\t\t\t    \t\t\t\t<img decoding=\"async\" alt=\"\" class=\" nd_elements_float_left nd_elements_border_radius_100_percentage_important \" width=\"25\" height=\"25\" src=\"https:\/\/secure.gravatar.com\/avatar\/28bd23334f30e973926ef65785f0d6e1229afc007798da8a3239b2ec9f24ce03?s=96&amp;d=mm&amp;r=g\">\n\t\t\t\t\t    \t\t\t<\/div>\n\t\t\t\t\t    \t\t\t<div class=\"nd_elements_display_table_cell nd_elements_vertical_align_middle\">\n\t\t\t\t\t    \t\t\t\t<p class=\"nd_elements_margin_0_important nd_elements_padding_left_10 nd_elements_font_size_15 nd_elements_line_height_15\">BENPOSTA<\/p>\n\t\t\t\t\t    \t\t\t<\/div>\n\t\t\t\t\t    \t\t<\/div>\n\n\t\t\t\t\t    \t\t\n\t\t\t\t\t\t\t\t\n\t\t\t\t\t    \t<\/div>\n\t\t\t\t\t    \t<div class=\"nd_elements_float_left nd_elements_width_50_percentage nd_elements_width_100_percentage_iphone nd_elements_margin_top_20_iphone\">\n\n\t\t\t\t\t    \t\t<div class=\"nd_elements_display_table\">\n\t\t\t\t\t    \t\t\t<div class=\"nd_elements_display_table_cell nd_elements_vertical_align_middle\">\n\t\t\t\t\t    \t\t\t\t<img decoding=\"async\" alt=\"\" class=\" nd_elements_float_left \" width=\"25\" height=\"25\" src=\"https:\/\/benpostacolombia.com\/wp-content\/plugins\/nd-elements\/widgets\/postgrid\/layout\/img\/comment-icon.png\">\n\t\t\t\t\t    \t\t\t<\/div>\n\t\t\t\t\t    \t\t\t<div class=\"nd_elements_display_table_cell nd_elements_vertical_align_middle\">\n\t\t\t\t\t    \t\t\t\t<p class=\"nd_elements_margin_0_important nd_elements_padding_left_10 nd_elements_font_size_15 nd_elements_line_height_15\">0 Comments<\/p>\n\t\t\t\t\t    \t\t\t<\/div>\n\t\t\t\t\t    \t\t<\/div>\n\n\t\t\t\t\t    \t<\/div>\n\t\t\t\t    \t<\/div>\n\n\t\t\t\t    \t\n\t\t\t\t\t\t\n\n\t\t\t\t\t<\/div>\n\n\t\t\t\t<\/div>\n\t\t    \t\n\t\t\t<\/div>\n\t    \t<div class=\" nd_elements_width_33_percentage nd_elements_width_100_percentage_responsive nd_elements_float_left nd_elements_masonry_item nd_elements_padding_15 nd_elements_box_sizing_border_box\">\n\n\t    \t\t<div class=\"nd_elements_section nd_elements_background_color_fff nd_elements_box_shadow_0_0_15_0_0001\">\n\n\t\t    \t\t<a href=\"https:\/\/benpostacolombia.com\/en\/benposta-y-comunidad-educativa-de-caloto-construyen-el-mural-de-la-memoria-para-fomentar-la-reflexion-y-el-aprendizaje-2\/\"><img decoding=\"async\" class=\"nd_elements_section\" alt=\"\" src=\"https:\/\/benpostacolombia.com\/wp-content\/uploads\/2025\/02\/20250212_103005-1024x473.jpg\"><\/a>\n\n\t\t    \t\t<div class=\"nd_elements_section nd_elements_position_relative\">\n\t\t\t    \t\t<div style=\"background-color:#f2a922\" class=\"nd_elements_display_block nd_elements_width_60 nd_elements_height_60 nd_elements_text_align_center nd_elements_position_absolute nd_elements_right_30 nd_elements_top_30_negative nd_elements_top_60_negative_iphone nd_elements_right_20_iphone \">\n\t\t\t    \t\t\t<div class=\"nd_elements_section nd_elements_height_10\"><\/div>\n\t\t\t    \t\t\t<a href=\"https:\/\/benpostacolombia.com\/en\/benposta-y-comunidad-educativa-de-caloto-construyen-el-mural-de-la-memoria-para-fomentar-la-reflexion-y-el-aprendizaje-2\/\"><h3 class=\"nd_elements_font_size_23 nd_elements_line_height_23 nd_elements_section nd_elements_letter_spacing_1 nd_options_color_white nd_elements_margin_0_important nd_elements_padding_0\"><strong>11<\/strong><\/h3><\/a>\n\t\t\t    \t\t\t<div class=\"nd_elements_section nd_elements_height_5\"><\/div>\n\t\t\t    \t\t\t<a href=\"https:\/\/benpostacolombia.com\/en\/benposta-y-comunidad-educativa-de-caloto-construyen-el-mural-de-la-memoria-para-fomentar-la-reflexion-y-el-aprendizaje-2\/\"><h6 class=\"nd_elements_font_size_13 nd_elements_line_height_13 nd_elements_section nd_elements_letter_spacing_1 nd_elements_text_transform_uppercase nd_options_color_white nd_elements_margin_0_important nd_elements_padding_0\">February<\/h6><\/a>\n\t\t\t    \t\t<\/div>\n\t\t    \t\t<\/div>\n\n\n\t\t    \t\t<div class=\"nd_elements_section nd_elements_padding_40 nd_elements_padding_20_iphone nd_elements_box_sizing_border_box\">\n\t\t    \t\t \n\n\t\t    \t\t\t\n\t\t\t    <p class=\"nd_elements_margin_0_important nd_elements_padding_0 nd_elements_letter_spacing_1 nd_elements_font_size_13 nd_elements_text_transform_uppercase nd_elements_line_height_13 nd_elements_padding_left_15 nd_elements_border_left_style_solid nd_elements_border_width_2\">NOTICIAS<\/p>\n\t\t\t    <div class=\"nd_elements_section nd_elements_height_10\"><\/div>\n\t\t\t    \n\n\t\t\t\t    \t<a class=\"nd_elements_section\" href=\"https:\/\/benpostacolombia.com\/en\/benposta-y-comunidad-educativa-de-caloto-construyen-el-mural-de-la-memoria-para-fomentar-la-reflexion-y-el-aprendizaje-2\/\">\n\t\t\t\t    \t\t<h3 class=\"nd_elements_font_size_23 nd_elements_word_break_break_word nd_elements_font_size_20_iphone nd_elements_line_height_23 nd_elements_margin_0_important nd_elements_letter_spacing_1\"><strong>12 de febrero, dia de la Mano Roja. Comunicado oficial de Benposta<\/strong><\/h3>\n\t\t\t\t    \t<\/a>\n\t\t\t\t    \t<div class=\"nd_elements_section nd_elements_height_20\"><\/div>\n\t\t\t\t    \t<p class=\"nd_elements_font_size_15 nd_elements_section nd_elements_margin_0_important nd_elements_line_height_2\">las ni\u00f1as,  ni\u00f1os de adolescentes y j\u00f3venes de la Comunidad Educativa de Benposta Naci\u00f3n de Muchach@s Colombia nos unimos al grito angustioso de \u00a1No mas... ni un ni\u00f1o, ni\u00f1a y adolescentes en la guerra\" <\/p>\n\t\t\t\t    \t<div class=\"nd_elements_section nd_elements_height_30\"><\/div>\n\n\t\t\t\t    \t<div class=\"nd_elements_section\">\n\t\t\t\t\t    \t<div class=\"nd_elements_float_left nd_elements_width_50_percentage nd_elements_width_100_percentage_iphone\">\n\n\t\t\t\t\t    \t\t<div class=\"nd_elements_display_table\">\n\t\t\t\t\t    \t\t\t<div class=\"nd_elements_display_table_cell nd_elements_vertical_align_middle\">\n\t\t\t\t\t    \t\t\t\t<img decoding=\"async\" alt=\"\" class=\" nd_elements_float_left nd_elements_border_radius_100_percentage_important \" width=\"25\" height=\"25\" src=\"https:\/\/secure.gravatar.com\/avatar\/28bd23334f30e973926ef65785f0d6e1229afc007798da8a3239b2ec9f24ce03?s=96&amp;d=mm&amp;r=g\">\n\t\t\t\t\t    \t\t\t<\/div>\n\t\t\t\t\t    \t\t\t<div class=\"nd_elements_display_table_cell nd_elements_vertical_align_middle\">\n\t\t\t\t\t    \t\t\t\t<p class=\"nd_elements_margin_0_important nd_elements_padding_left_10 nd_elements_font_size_15 nd_elements_line_height_15\">BENPOSTA<\/p>\n\t\t\t\t\t    \t\t\t<\/div>\n\t\t\t\t\t    \t\t<\/div>\n\n\t\t\t\t\t    \t\t\n\t\t\t\t\t\t\t\t\n\t\t\t\t\t    \t<\/div>\n\t\t\t\t\t    \t<div class=\"nd_elements_float_left nd_elements_width_50_percentage nd_elements_width_100_percentage_iphone nd_elements_margin_top_20_iphone\">\n\n\t\t\t\t\t    \t\t<div class=\"nd_elements_display_table\">\n\t\t\t\t\t    \t\t\t<div class=\"nd_elements_display_table_cell nd_elements_vertical_align_middle\">\n\t\t\t\t\t    \t\t\t\t<img decoding=\"async\" alt=\"\" class=\" nd_elements_float_left \" width=\"25\" height=\"25\" src=\"https:\/\/benpostacolombia.com\/wp-content\/plugins\/nd-elements\/widgets\/postgrid\/layout\/img\/comment-icon.png\">\n\t\t\t\t\t    \t\t\t<\/div>\n\t\t\t\t\t    \t\t\t<div class=\"nd_elements_display_table_cell nd_elements_vertical_align_middle\">\n\t\t\t\t\t    \t\t\t\t<p class=\"nd_elements_margin_0_important nd_elements_padding_left_10 nd_elements_font_size_15 nd_elements_line_height_15\">0 Comments<\/p>\n\t\t\t\t\t    \t\t\t<\/div>\n\t\t\t\t\t    \t\t<\/div>\n\n\t\t\t\t\t    \t<\/div>\n\t\t\t\t    \t<\/div>\n\n\t\t\t\t    \t\n\t\t\t\t\t\t\n\n\t\t\t\t\t<\/div>\n\n\t\t\t\t<\/div>\n\t\t    \t\n\t\t\t<\/div>\n\t    \t<div class=\" nd_elements_width_33_percentage nd_elements_width_100_percentage_responsive nd_elements_float_left nd_elements_masonry_item nd_elements_padding_15 nd_elements_box_sizing_border_box\">\n\n\t    \t\t<div class=\"nd_elements_section nd_elements_background_color_fff nd_elements_box_shadow_0_0_15_0_0001\">\n\n\t\t    \t\t<a href=\"https:\/\/benpostacolombia.com\/en\/benposta-y-comunidad-educativa-de-caloto-construyen-el-mural-de-la-memoria-para-fomentar-la-reflexion-y-el-aprendizaje\/\"><img decoding=\"async\" class=\"nd_elements_section\" alt=\"\" src=\"https:\/\/benpostacolombia.com\/wp-content\/uploads\/2024\/12\/1-1-1024x571.jpg\"><\/a>\n\n\t\t    \t\t<div class=\"nd_elements_section nd_elements_position_relative\">\n\t\t\t    \t\t<div style=\"background-color:#f2a922\" class=\"nd_elements_display_block nd_elements_width_60 nd_elements_height_60 nd_elements_text_align_center nd_elements_position_absolute nd_elements_right_30 nd_elements_top_30_negative nd_elements_top_60_negative_iphone nd_elements_right_20_iphone \">\n\t\t\t    \t\t\t<div class=\"nd_elements_section nd_elements_height_10\"><\/div>\n\t\t\t    \t\t\t<a href=\"https:\/\/benpostacolombia.com\/en\/benposta-y-comunidad-educativa-de-caloto-construyen-el-mural-de-la-memoria-para-fomentar-la-reflexion-y-el-aprendizaje\/\"><h3 class=\"nd_elements_font_size_23 nd_elements_line_height_23 nd_elements_section nd_elements_letter_spacing_1 nd_options_color_white nd_elements_margin_0_important nd_elements_padding_0\"><strong>17<\/strong><\/h3><\/a>\n\t\t\t    \t\t\t<div class=\"nd_elements_section nd_elements_height_5\"><\/div>\n\t\t\t    \t\t\t<a href=\"https:\/\/benpostacolombia.com\/en\/benposta-y-comunidad-educativa-de-caloto-construyen-el-mural-de-la-memoria-para-fomentar-la-reflexion-y-el-aprendizaje\/\"><h6 class=\"nd_elements_font_size_13 nd_elements_line_height_13 nd_elements_section nd_elements_letter_spacing_1 nd_elements_text_transform_uppercase nd_options_color_white nd_elements_margin_0_important nd_elements_padding_0\">December<\/h6><\/a>\n\t\t\t    \t\t<\/div>\n\t\t    \t\t<\/div>\n\n\n\t\t    \t\t<div class=\"nd_elements_section nd_elements_padding_40 nd_elements_padding_20_iphone nd_elements_box_sizing_border_box\">\n\t\t    \t\t \n\n\t\t    \t\t\t\n\t\t\t    <p class=\"nd_elements_margin_0_important nd_elements_padding_0 nd_elements_letter_spacing_1 nd_elements_font_size_13 nd_elements_text_transform_uppercase nd_elements_line_height_13 nd_elements_padding_left_15 nd_elements_border_left_style_solid nd_elements_border_width_2\">NOTICIAS<\/p>\n\t\t\t    <div class=\"nd_elements_section nd_elements_height_10\"><\/div>\n\t\t\t    \n\n\t\t\t\t    \t<a class=\"nd_elements_section\" href=\"https:\/\/benpostacolombia.com\/en\/benposta-y-comunidad-educativa-de-caloto-construyen-el-mural-de-la-memoria-para-fomentar-la-reflexion-y-el-aprendizaje\/\">\n\t\t\t\t    \t\t<h3 class=\"nd_elements_font_size_23 nd_elements_word_break_break_word nd_elements_font_size_20_iphone nd_elements_line_height_23 nd_elements_margin_0_important nd_elements_letter_spacing_1\"><strong>Benposta y comunidad educativa de Caloto construyen el &#8216;Mural de la Memoria&#8217; para fomentar la reflexi\u00f3n y el aprendizaje.<\/strong><\/h3>\n\t\t\t\t    \t<\/a>\n\t\t\t\t    \t<div class=\"nd_elements_section nd_elements_height_20\"><\/div>\n\t\t\t\t    \t<p class=\"nd_elements_font_size_15 nd_elements_section nd_elements_margin_0_important nd_elements_line_height_2\">En Caloto, Benposta desarrolla planes de acci\u00f3n en colegios cercanos a los entornos protectores...<\/p>\n\t\t\t\t    \t<div class=\"nd_elements_section nd_elements_height_30\"><\/div>\n\n\t\t\t\t    \t<div class=\"nd_elements_section\">\n\t\t\t\t\t    \t<div class=\"nd_elements_float_left nd_elements_width_50_percentage nd_elements_width_100_percentage_iphone\">\n\n\t\t\t\t\t    \t\t<div class=\"nd_elements_display_table\">\n\t\t\t\t\t    \t\t\t<div class=\"nd_elements_display_table_cell nd_elements_vertical_align_middle\">\n\t\t\t\t\t    \t\t\t\t<img decoding=\"async\" alt=\"\" class=\" nd_elements_float_left nd_elements_border_radius_100_percentage_important \" width=\"25\" height=\"25\" src=\"https:\/\/secure.gravatar.com\/avatar\/28bd23334f30e973926ef65785f0d6e1229afc007798da8a3239b2ec9f24ce03?s=96&amp;d=mm&amp;r=g\">\n\t\t\t\t\t    \t\t\t<\/div>\n\t\t\t\t\t    \t\t\t<div class=\"nd_elements_display_table_cell nd_elements_vertical_align_middle\">\n\t\t\t\t\t    \t\t\t\t<p class=\"nd_elements_margin_0_important nd_elements_padding_left_10 nd_elements_font_size_15 nd_elements_line_height_15\">BENPOSTA<\/p>\n\t\t\t\t\t    \t\t\t<\/div>\n\t\t\t\t\t    \t\t<\/div>\n\n\t\t\t\t\t    \t\t\n\t\t\t\t\t\t\t\t\n\t\t\t\t\t    \t<\/div>\n\t\t\t\t\t    \t<div class=\"nd_elements_float_left nd_elements_width_50_percentage nd_elements_width_100_percentage_iphone nd_elements_margin_top_20_iphone\">\n\n\t\t\t\t\t    \t\t<div class=\"nd_elements_display_table\">\n\t\t\t\t\t    \t\t\t<div class=\"nd_elements_display_table_cell nd_elements_vertical_align_middle\">\n\t\t\t\t\t    \t\t\t\t<img decoding=\"async\" alt=\"\" class=\" nd_elements_float_left \" width=\"25\" height=\"25\" src=\"https:\/\/benpostacolombia.com\/wp-content\/plugins\/nd-elements\/widgets\/postgrid\/layout\/img\/comment-icon.png\">\n\t\t\t\t\t    \t\t\t<\/div>\n\t\t\t\t\t    \t\t\t<div class=\"nd_elements_display_table_cell nd_elements_vertical_align_middle\">\n\t\t\t\t\t    \t\t\t\t<p class=\"nd_elements_margin_0_important nd_elements_padding_left_10 nd_elements_font_size_15 nd_elements_line_height_15\">0 Comments<\/p>\n\t\t\t\t\t    \t\t\t<\/div>\n\t\t\t\t\t    \t\t<\/div>\n\n\t\t\t\t\t    \t<\/div>\n\t\t\t\t    \t<\/div>\n\n\t\t\t\t    \t\n\t\t\t\t\t\t\n\n\t\t\t\t\t<\/div>\n\n\t\t\t\t<\/div>\n\t\t    \t\n\t\t\t<\/div>\n\t    \t<div class=\" nd_elements_width_33_percentage nd_elements_width_100_percentage_responsive nd_elements_float_left nd_elements_masonry_item nd_elements_padding_15 nd_elements_box_sizing_border_box\">\n\n\t    \t\t<div class=\"nd_elements_section nd_elements_background_color_fff nd_elements_box_shadow_0_0_15_0_0001\">\n\n\t\t    \t\t<a href=\"https:\/\/benpostacolombia.com\/en\/inicia-en-bogota-el-proyecto-de-proteccion-integral-a-la-ninez-con-coordinadores-de-todo-el-pais\/\"><img decoding=\"async\" class=\"nd_elements_section\" alt=\"\" src=\"https:\/\/benpostacolombia.com\/wp-content\/uploads\/2024\/10\/Inicia-en-Bogota-el-proyecto-de-proteccion-integral-a-la-ninez-con-coordinadores-de-todo-el-pais--1024x647.jpg\"><\/a>\n\n\t\t    \t\t<div class=\"nd_elements_section nd_elements_position_relative\">\n\t\t\t    \t\t<div style=\"background-color:#f2a922\" class=\"nd_elements_display_block nd_elements_width_60 nd_elements_height_60 nd_elements_text_align_center nd_elements_position_absolute nd_elements_right_30 nd_elements_top_30_negative nd_elements_top_60_negative_iphone nd_elements_right_20_iphone \">\n\t\t\t    \t\t\t<div class=\"nd_elements_section nd_elements_height_10\"><\/div>\n\t\t\t    \t\t\t<a href=\"https:\/\/benpostacolombia.com\/en\/inicia-en-bogota-el-proyecto-de-proteccion-integral-a-la-ninez-con-coordinadores-de-todo-el-pais\/\"><h3 class=\"nd_elements_font_size_23 nd_elements_line_height_23 nd_elements_section nd_elements_letter_spacing_1 nd_options_color_white nd_elements_margin_0_important nd_elements_padding_0\"><strong>3<\/strong><\/h3><\/a>\n\t\t\t    \t\t\t<div class=\"nd_elements_section nd_elements_height_5\"><\/div>\n\t\t\t    \t\t\t<a href=\"https:\/\/benpostacolombia.com\/en\/inicia-en-bogota-el-proyecto-de-proteccion-integral-a-la-ninez-con-coordinadores-de-todo-el-pais\/\"><h6 class=\"nd_elements_font_size_13 nd_elements_line_height_13 nd_elements_section nd_elements_letter_spacing_1 nd_elements_text_transform_uppercase nd_options_color_white nd_elements_margin_0_important nd_elements_padding_0\">October<\/h6><\/a>\n\t\t\t    \t\t<\/div>\n\t\t    \t\t<\/div>\n\n\n\t\t    \t\t<div class=\"nd_elements_section nd_elements_padding_40 nd_elements_padding_20_iphone nd_elements_box_sizing_border_box\">\n\t\t    \t\t \n\n\t\t    \t\t\t\n\t\t\t    <p class=\"nd_elements_margin_0_important nd_elements_padding_0 nd_elements_letter_spacing_1 nd_elements_font_size_13 nd_elements_text_transform_uppercase nd_elements_line_height_13 nd_elements_padding_left_15 nd_elements_border_left_style_solid nd_elements_border_width_2\">NOTICIAS<\/p>\n\t\t\t    <div class=\"nd_elements_section nd_elements_height_10\"><\/div>\n\t\t\t    \n\n\t\t\t\t    \t<a class=\"nd_elements_section\" href=\"https:\/\/benpostacolombia.com\/en\/inicia-en-bogota-el-proyecto-de-proteccion-integral-a-la-ninez-con-coordinadores-de-todo-el-pais\/\">\n\t\t\t\t    \t\t<h3 class=\"nd_elements_font_size_23 nd_elements_word_break_break_word nd_elements_font_size_20_iphone nd_elements_line_height_23 nd_elements_margin_0_important nd_elements_letter_spacing_1\"><strong>Inicia en Bogot\u00e1 el proyecto de protecci\u00f3n integral a la ni\u00f1ez con coordinadores de todo el pa\u00eds.<\/strong><\/h3>\n\t\t\t\t    \t<\/a>\n\t\t\t\t    \t<div class=\"nd_elements_section nd_elements_height_20\"><\/div>\n\t\t\t\t    \t<p class=\"nd_elements_font_size_15 nd_elements_section nd_elements_margin_0_important nd_elements_line_height_2\">Recientemente, se llev\u00f3 a cabo el primer encuentro de coordinadores territoriales de diversas regiones del pa\u00eds ...<\/p>\n\t\t\t\t    \t<div class=\"nd_elements_section nd_elements_height_30\"><\/div>\n\n\t\t\t\t    \t<div class=\"nd_elements_section\">\n\t\t\t\t\t    \t<div class=\"nd_elements_float_left nd_elements_width_50_percentage nd_elements_width_100_percentage_iphone\">\n\n\t\t\t\t\t    \t\t<div class=\"nd_elements_display_table\">\n\t\t\t\t\t    \t\t\t<div class=\"nd_elements_display_table_cell nd_elements_vertical_align_middle\">\n\t\t\t\t\t    \t\t\t\t<img decoding=\"async\" alt=\"\" class=\" nd_elements_float_left nd_elements_border_radius_100_percentage_important \" width=\"25\" height=\"25\" src=\"https:\/\/secure.gravatar.com\/avatar\/28bd23334f30e973926ef65785f0d6e1229afc007798da8a3239b2ec9f24ce03?s=96&amp;d=mm&amp;r=g\">\n\t\t\t\t\t    \t\t\t<\/div>\n\t\t\t\t\t    \t\t\t<div class=\"nd_elements_display_table_cell nd_elements_vertical_align_middle\">\n\t\t\t\t\t    \t\t\t\t<p class=\"nd_elements_margin_0_important nd_elements_padding_left_10 nd_elements_font_size_15 nd_elements_line_height_15\">BENPOSTA<\/p>\n\t\t\t\t\t    \t\t\t<\/div>\n\t\t\t\t\t    \t\t<\/div>\n\n\t\t\t\t\t    \t\t\n\t\t\t\t\t\t\t\t\n\t\t\t\t\t    \t<\/div>\n\t\t\t\t\t    \t<div class=\"nd_elements_float_left nd_elements_width_50_percentage nd_elements_width_100_percentage_iphone nd_elements_margin_top_20_iphone\">\n\n\t\t\t\t\t    \t\t<div class=\"nd_elements_display_table\">\n\t\t\t\t\t    \t\t\t<div class=\"nd_elements_display_table_cell nd_elements_vertical_align_middle\">\n\t\t\t\t\t    \t\t\t\t<img decoding=\"async\" alt=\"\" class=\" nd_elements_float_left \" width=\"25\" height=\"25\" src=\"https:\/\/benpostacolombia.com\/wp-content\/plugins\/nd-elements\/widgets\/postgrid\/layout\/img\/comment-icon.png\">\n\t\t\t\t\t    \t\t\t<\/div>\n\t\t\t\t\t    \t\t\t<div class=\"nd_elements_display_table_cell nd_elements_vertical_align_middle\">\n\t\t\t\t\t    \t\t\t\t<p class=\"nd_elements_margin_0_important nd_elements_padding_left_10 nd_elements_font_size_15 nd_elements_line_height_15\">0 Comments<\/p>\n\t\t\t\t\t    \t\t\t<\/div>\n\t\t\t\t\t    \t\t<\/div>\n\n\t\t\t\t\t    \t<\/div>\n\t\t\t\t    \t<\/div>\n\n\t\t\t\t    \t\n\t\t\t\t\t\t\n\n\t\t\t\t\t<\/div>\n\n\t\t\t\t<\/div>\n\t\t    \t\n\t\t\t<\/div>\n\t    \t<div class=\" nd_elements_width_33_percentage nd_elements_width_100_percentage_responsive nd_elements_float_left nd_elements_masonry_item nd_elements_padding_15 nd_elements_box_sizing_border_box\">\n\n\t    \t\t<div class=\"nd_elements_section nd_elements_background_color_fff nd_elements_box_shadow_0_0_15_0_0001\">\n\n\t\t    \t\t<a href=\"https:\/\/benpostacolombia.com\/en\/benposta-y-tambor-alegre-celebran-los-30-anos-de-colnodo-con-un-vibrante-concierto\/\"><img decoding=\"async\" class=\"nd_elements_section\" alt=\"\" src=\"https:\/\/benpostacolombia.com\/wp-content\/uploads\/2024\/10\/Benposta-y-Tambor-Alegre-celebran-los-30-anos-de-Colnodo-con-un-vibrante-concierto--1024x647.jpg\"><\/a>\n\n\t\t    \t\t<div class=\"nd_elements_section nd_elements_position_relative\">\n\t\t\t    \t\t<div style=\"background-color:#f2a922\" class=\"nd_elements_display_block nd_elements_width_60 nd_elements_height_60 nd_elements_text_align_center nd_elements_position_absolute nd_elements_right_30 nd_elements_top_30_negative nd_elements_top_60_negative_iphone nd_elements_right_20_iphone \">\n\t\t\t    \t\t\t<div class=\"nd_elements_section nd_elements_height_10\"><\/div>\n\t\t\t    \t\t\t<a href=\"https:\/\/benpostacolombia.com\/en\/benposta-y-tambor-alegre-celebran-los-30-anos-de-colnodo-con-un-vibrante-concierto\/\"><h3 class=\"nd_elements_font_size_23 nd_elements_line_height_23 nd_elements_section nd_elements_letter_spacing_1 nd_options_color_white nd_elements_margin_0_important nd_elements_padding_0\"><strong>3<\/strong><\/h3><\/a>\n\t\t\t    \t\t\t<div class=\"nd_elements_section nd_elements_height_5\"><\/div>\n\t\t\t    \t\t\t<a href=\"https:\/\/benpostacolombia.com\/en\/benposta-y-tambor-alegre-celebran-los-30-anos-de-colnodo-con-un-vibrante-concierto\/\"><h6 class=\"nd_elements_font_size_13 nd_elements_line_height_13 nd_elements_section nd_elements_letter_spacing_1 nd_elements_text_transform_uppercase nd_options_color_white nd_elements_margin_0_important nd_elements_padding_0\">October<\/h6><\/a>\n\t\t\t    \t\t<\/div>\n\t\t    \t\t<\/div>\n\n\n\t\t    \t\t<div class=\"nd_elements_section nd_elements_padding_40 nd_elements_padding_20_iphone nd_elements_box_sizing_border_box\">\n\t\t    \t\t \n\n\t\t    \t\t\t\n\t\t\t    <p class=\"nd_elements_margin_0_important nd_elements_padding_0 nd_elements_letter_spacing_1 nd_elements_font_size_13 nd_elements_text_transform_uppercase nd_elements_line_height_13 nd_elements_padding_left_15 nd_elements_border_left_style_solid nd_elements_border_width_2\">NOTICIAS<\/p>\n\t\t\t    <div class=\"nd_elements_section nd_elements_height_10\"><\/div>\n\t\t\t    \n\n\t\t\t\t    \t<a class=\"nd_elements_section\" href=\"https:\/\/benpostacolombia.com\/en\/benposta-y-tambor-alegre-celebran-los-30-anos-de-colnodo-con-un-vibrante-concierto\/\">\n\t\t\t\t    \t\t<h3 class=\"nd_elements_font_size_23 nd_elements_word_break_break_word nd_elements_font_size_20_iphone nd_elements_line_height_23 nd_elements_margin_0_important nd_elements_letter_spacing_1\"><strong>Benposta y Tambor Alegre celebran los 30 a\u00f1os de Colnodo con un vibrante concierto.<\/strong><\/h3>\n\t\t\t\t    \t<\/a>\n\t\t\t\t    \t<div class=\"nd_elements_section nd_elements_height_20\"><\/div>\n\t\t\t\t    \t<p class=\"nd_elements_font_size_15 nd_elements_section nd_elements_margin_0_important nd_elements_line_height_2\">El pasado 27 de septiembre, se celebraron los 30 a\u00f1os de Colnodo con un evento especial en el que ...<\/p>\n\t\t\t\t    \t<div class=\"nd_elements_section nd_elements_height_30\"><\/div>\n\n\t\t\t\t    \t<div class=\"nd_elements_section\">\n\t\t\t\t\t    \t<div class=\"nd_elements_float_left nd_elements_width_50_percentage nd_elements_width_100_percentage_iphone\">\n\n\t\t\t\t\t    \t\t<div class=\"nd_elements_display_table\">\n\t\t\t\t\t    \t\t\t<div class=\"nd_elements_display_table_cell nd_elements_vertical_align_middle\">\n\t\t\t\t\t    \t\t\t\t<img decoding=\"async\" alt=\"\" class=\" nd_elements_float_left nd_elements_border_radius_100_percentage_important \" width=\"25\" height=\"25\" src=\"https:\/\/secure.gravatar.com\/avatar\/28bd23334f30e973926ef65785f0d6e1229afc007798da8a3239b2ec9f24ce03?s=96&amp;d=mm&amp;r=g\">\n\t\t\t\t\t    \t\t\t<\/div>\n\t\t\t\t\t    \t\t\t<div class=\"nd_elements_display_table_cell nd_elements_vertical_align_middle\">\n\t\t\t\t\t    \t\t\t\t<p class=\"nd_elements_margin_0_important nd_elements_padding_left_10 nd_elements_font_size_15 nd_elements_line_height_15\">BENPOSTA<\/p>\n\t\t\t\t\t    \t\t\t<\/div>\n\t\t\t\t\t    \t\t<\/div>\n\n\t\t\t\t\t    \t\t\n\t\t\t\t\t\t\t\t\n\t\t\t\t\t    \t<\/div>\n\t\t\t\t\t    \t<div class=\"nd_elements_float_left nd_elements_width_50_percentage nd_elements_width_100_percentage_iphone nd_elements_margin_top_20_iphone\">\n\n\t\t\t\t\t    \t\t<div class=\"nd_elements_display_table\">\n\t\t\t\t\t    \t\t\t<div class=\"nd_elements_display_table_cell nd_elements_vertical_align_middle\">\n\t\t\t\t\t    \t\t\t\t<img decoding=\"async\" alt=\"\" class=\" nd_elements_float_left \" width=\"25\" height=\"25\" src=\"https:\/\/benpostacolombia.com\/wp-content\/plugins\/nd-elements\/widgets\/postgrid\/layout\/img\/comment-icon.png\">\n\t\t\t\t\t    \t\t\t<\/div>\n\t\t\t\t\t    \t\t\t<div class=\"nd_elements_display_table_cell nd_elements_vertical_align_middle\">\n\t\t\t\t\t    \t\t\t\t<p class=\"nd_elements_margin_0_important nd_elements_padding_left_10 nd_elements_font_size_15 nd_elements_line_height_15\">0 Comments<\/p>\n\t\t\t\t\t    \t\t\t<\/div>\n\t\t\t\t\t    \t\t<\/div>\n\n\t\t\t\t\t    \t<\/div>\n\t\t\t\t    \t<\/div>\n\n\t\t\t\t    \t\n\t\t\t\t\t\t\n\n\t\t\t\t\t<\/div>\n\n\t\t\t\t<\/div>\n\t\t    \t\n\t\t\t<\/div>\n\t    \t<div class=\" nd_elements_width_33_percentage nd_elements_width_100_percentage_responsive nd_elements_float_left nd_elements_masonry_item nd_elements_padding_15 nd_elements_box_sizing_border_box\">\n\n\t    \t\t<div class=\"nd_elements_section nd_elements_background_color_fff nd_elements_box_shadow_0_0_15_0_0001\">\n\n\t\t    \t\t<a href=\"https:\/\/benpostacolombia.com\/en\/benposta-conmemora-el-dia-internacional-de-la-paz-con-obra-teatral-en-el-icbf\/\"><img decoding=\"async\" class=\"nd_elements_section\" alt=\"\" src=\"https:\/\/benpostacolombia.com\/wp-content\/uploads\/2024\/10\/Benposta-conmemora-el-Dia-Internacional-de-la-Paz-con-obra-teatral-en-el-ICBF--1024x647.jpg\"><\/a>\n\n\t\t    \t\t<div class=\"nd_elements_section nd_elements_position_relative\">\n\t\t\t    \t\t<div style=\"background-color:#f2a922\" class=\"nd_elements_display_block nd_elements_width_60 nd_elements_height_60 nd_elements_text_align_center nd_elements_position_absolute nd_elements_right_30 nd_elements_top_30_negative nd_elements_top_60_negative_iphone nd_elements_right_20_iphone \">\n\t\t\t    \t\t\t<div class=\"nd_elements_section nd_elements_height_10\"><\/div>\n\t\t\t    \t\t\t<a href=\"https:\/\/benpostacolombia.com\/en\/benposta-conmemora-el-dia-internacional-de-la-paz-con-obra-teatral-en-el-icbf\/\"><h3 class=\"nd_elements_font_size_23 nd_elements_line_height_23 nd_elements_section nd_elements_letter_spacing_1 nd_options_color_white nd_elements_margin_0_important nd_elements_padding_0\"><strong>1<\/strong><\/h3><\/a>\n\t\t\t    \t\t\t<div class=\"nd_elements_section nd_elements_height_5\"><\/div>\n\t\t\t    \t\t\t<a href=\"https:\/\/benpostacolombia.com\/en\/benposta-conmemora-el-dia-internacional-de-la-paz-con-obra-teatral-en-el-icbf\/\"><h6 class=\"nd_elements_font_size_13 nd_elements_line_height_13 nd_elements_section nd_elements_letter_spacing_1 nd_elements_text_transform_uppercase nd_options_color_white nd_elements_margin_0_important nd_elements_padding_0\">October<\/h6><\/a>\n\t\t\t    \t\t<\/div>\n\t\t    \t\t<\/div>\n\n\n\t\t    \t\t<div class=\"nd_elements_section nd_elements_padding_40 nd_elements_padding_20_iphone nd_elements_box_sizing_border_box\">\n\t\t    \t\t \n\n\t\t    \t\t\t\n\t\t\t    <p class=\"nd_elements_margin_0_important nd_elements_padding_0 nd_elements_letter_spacing_1 nd_elements_font_size_13 nd_elements_text_transform_uppercase nd_elements_line_height_13 nd_elements_padding_left_15 nd_elements_border_left_style_solid nd_elements_border_width_2\">NOTICIAS<\/p>\n\t\t\t    <div class=\"nd_elements_section nd_elements_height_10\"><\/div>\n\t\t\t    \n\n\t\t\t\t    \t<a class=\"nd_elements_section\" href=\"https:\/\/benpostacolombia.com\/en\/benposta-conmemora-el-dia-internacional-de-la-paz-con-obra-teatral-en-el-icbf\/\">\n\t\t\t\t    \t\t<h3 class=\"nd_elements_font_size_23 nd_elements_word_break_break_word nd_elements_font_size_20_iphone nd_elements_line_height_23 nd_elements_margin_0_important nd_elements_letter_spacing_1\"><strong>Benposta conmemora el D\u00eda Internacional de la Paz con obra teatral en el ICBF.<\/strong><\/h3>\n\t\t\t\t    \t<\/a>\n\t\t\t\t    \t<div class=\"nd_elements_section nd_elements_height_20\"><\/div>\n\t\t\t\t    \t<p class=\"nd_elements_font_size_15 nd_elements_section nd_elements_margin_0_important nd_elements_line_height_2\">En el D\u00eda Internacional de la Paz, los ni\u00f1os, ni\u00f1as y adolescentes de Benposta presentaron una parte de la obra ...<\/p>\n\t\t\t\t    \t<div class=\"nd_elements_section nd_elements_height_30\"><\/div>\n\n\t\t\t\t    \t<div class=\"nd_elements_section\">\n\t\t\t\t\t    \t<div class=\"nd_elements_float_left nd_elements_width_50_percentage nd_elements_width_100_percentage_iphone\">\n\n\t\t\t\t\t    \t\t<div class=\"nd_elements_display_table\">\n\t\t\t\t\t    \t\t\t<div class=\"nd_elements_display_table_cell nd_elements_vertical_align_middle\">\n\t\t\t\t\t    \t\t\t\t<img decoding=\"async\" alt=\"\" class=\" nd_elements_float_left nd_elements_border_radius_100_percentage_important \" width=\"25\" height=\"25\" src=\"https:\/\/secure.gravatar.com\/avatar\/28bd23334f30e973926ef65785f0d6e1229afc007798da8a3239b2ec9f24ce03?s=96&amp;d=mm&amp;r=g\">\n\t\t\t\t\t    \t\t\t<\/div>\n\t\t\t\t\t    \t\t\t<div class=\"nd_elements_display_table_cell nd_elements_vertical_align_middle\">\n\t\t\t\t\t    \t\t\t\t<p class=\"nd_elements_margin_0_important nd_elements_padding_left_10 nd_elements_font_size_15 nd_elements_line_height_15\">BENPOSTA<\/p>\n\t\t\t\t\t    \t\t\t<\/div>\n\t\t\t\t\t    \t\t<\/div>\n\n\t\t\t\t\t    \t\t\n\t\t\t\t\t\t\t\t\n\t\t\t\t\t    \t<\/div>\n\t\t\t\t\t    \t<div class=\"nd_elements_float_left nd_elements_width_50_percentage nd_elements_width_100_percentage_iphone nd_elements_margin_top_20_iphone\">\n\n\t\t\t\t\t    \t\t<div class=\"nd_elements_display_table\">\n\t\t\t\t\t    \t\t\t<div class=\"nd_elements_display_table_cell nd_elements_vertical_align_middle\">\n\t\t\t\t\t    \t\t\t\t<img decoding=\"async\" alt=\"\" class=\" nd_elements_float_left \" width=\"25\" height=\"25\" src=\"https:\/\/benpostacolombia.com\/wp-content\/plugins\/nd-elements\/widgets\/postgrid\/layout\/img\/comment-icon.png\">\n\t\t\t\t\t    \t\t\t<\/div>\n\t\t\t\t\t    \t\t\t<div class=\"nd_elements_display_table_cell nd_elements_vertical_align_middle\">\n\t\t\t\t\t    \t\t\t\t<p class=\"nd_elements_margin_0_important nd_elements_padding_left_10 nd_elements_font_size_15 nd_elements_line_height_15\">0 Comments<\/p>\n\t\t\t\t\t    \t\t\t<\/div>\n\t\t\t\t\t    \t\t<\/div>\n\n\t\t\t\t\t    \t<\/div>\n\t\t\t\t    \t<\/div>\n\n\t\t\t\t    \t\n\t\t\t\t\t\t\n\n\t\t\t\t\t<\/div>\n\n\t\t\t\t<\/div>\n\t\t    \t\n\t\t\t<\/div>\n\t    \t<div class=\" nd_elements_width_33_percentage nd_elements_width_100_percentage_responsive nd_elements_float_left nd_elements_masonry_item nd_elements_padding_15 nd_elements_box_sizing_border_box\">\n\n\t    \t\t<div class=\"nd_elements_section nd_elements_background_color_fff nd_elements_box_shadow_0_0_15_0_0001\">\n\n\t\t    \t\t<a href=\"https:\/\/benpostacolombia.com\/en\/caloto-celebra-la-creacion-de-su-segundo-mural-escolar-con-el-poder-transformador-del-arte\/\"><img decoding=\"async\" class=\"nd_elements_section\" alt=\"\" src=\"https:\/\/benpostacolombia.com\/wp-content\/uploads\/2024\/12\/Banner-noticias-1024x628.jpg\"><\/a>\n\n\t\t    \t\t<div class=\"nd_elements_section nd_elements_position_relative\">\n\t\t\t    \t\t<div style=\"background-color:#f2a922\" class=\"nd_elements_display_block nd_elements_width_60 nd_elements_height_60 nd_elements_text_align_center nd_elements_position_absolute nd_elements_right_30 nd_elements_top_30_negative nd_elements_top_60_negative_iphone nd_elements_right_20_iphone \">\n\t\t\t    \t\t\t<div class=\"nd_elements_section nd_elements_height_10\"><\/div>\n\t\t\t    \t\t\t<a href=\"https:\/\/benpostacolombia.com\/en\/caloto-celebra-la-creacion-de-su-segundo-mural-escolar-con-el-poder-transformador-del-arte\/\"><h3 class=\"nd_elements_font_size_23 nd_elements_line_height_23 nd_elements_section nd_elements_letter_spacing_1 nd_options_color_white nd_elements_margin_0_important nd_elements_padding_0\"><strong>17<\/strong><\/h3><\/a>\n\t\t\t    \t\t\t<div class=\"nd_elements_section nd_elements_height_5\"><\/div>\n\t\t\t    \t\t\t<a href=\"https:\/\/benpostacolombia.com\/en\/caloto-celebra-la-creacion-de-su-segundo-mural-escolar-con-el-poder-transformador-del-arte\/\"><h6 class=\"nd_elements_font_size_13 nd_elements_line_height_13 nd_elements_section nd_elements_letter_spacing_1 nd_elements_text_transform_uppercase nd_options_color_white nd_elements_margin_0_important nd_elements_padding_0\">September<\/h6><\/a>\n\t\t\t    \t\t<\/div>\n\t\t    \t\t<\/div>\n\n\n\t\t    \t\t<div class=\"nd_elements_section nd_elements_padding_40 nd_elements_padding_20_iphone nd_elements_box_sizing_border_box\">\n\t\t    \t\t \n\n\t\t    \t\t\t\n\t\t\t    <p class=\"nd_elements_margin_0_important nd_elements_padding_0 nd_elements_letter_spacing_1 nd_elements_font_size_13 nd_elements_text_transform_uppercase nd_elements_line_height_13 nd_elements_padding_left_15 nd_elements_border_left_style_solid nd_elements_border_width_2\">NOTICIAS<\/p>\n\t\t\t    <div class=\"nd_elements_section nd_elements_height_10\"><\/div>\n\t\t\t    \n\n\t\t\t\t    \t<a class=\"nd_elements_section\" href=\"https:\/\/benpostacolombia.com\/en\/caloto-celebra-la-creacion-de-su-segundo-mural-escolar-con-el-poder-transformador-del-arte\/\">\n\t\t\t\t    \t\t<h3 class=\"nd_elements_font_size_23 nd_elements_word_break_break_word nd_elements_font_size_20_iphone nd_elements_line_height_23 nd_elements_margin_0_important nd_elements_letter_spacing_1\"><strong>Caloto celebra la creaci\u00f3n de su segundo mural escolar con el poder transformador del arte.<\/strong><\/h3>\n\t\t\t\t    \t<\/a>\n\t\t\t\t    \t<div class=\"nd_elements_section nd_elements_height_20\"><\/div>\n\t\t\t\t    \t<p class=\"nd_elements_font_size_15 nd_elements_section nd_elements_margin_0_important nd_elements_line_height_2\">En la Instituci\u00f3n Educativa Agropecuaria El Credo, sede Pajarito, comenz\u00f3 la creaci\u00f3n del segundo mural, donde ...<\/p>\n\t\t\t\t    \t<div class=\"nd_elements_section nd_elements_height_30\"><\/div>\n\n\t\t\t\t    \t<div class=\"nd_elements_section\">\n\t\t\t\t\t    \t<div class=\"nd_elements_float_left nd_elements_width_50_percentage nd_elements_width_100_percentage_iphone\">\n\n\t\t\t\t\t    \t\t<div class=\"nd_elements_display_table\">\n\t\t\t\t\t    \t\t\t<div class=\"nd_elements_display_table_cell nd_elements_vertical_align_middle\">\n\t\t\t\t\t    \t\t\t\t<img decoding=\"async\" alt=\"\" class=\" nd_elements_float_left nd_elements_border_radius_100_percentage_important \" width=\"25\" height=\"25\" src=\"https:\/\/secure.gravatar.com\/avatar\/28bd23334f30e973926ef65785f0d6e1229afc007798da8a3239b2ec9f24ce03?s=96&amp;d=mm&amp;r=g\">\n\t\t\t\t\t    \t\t\t<\/div>\n\t\t\t\t\t    \t\t\t<div class=\"nd_elements_display_table_cell nd_elements_vertical_align_middle\">\n\t\t\t\t\t    \t\t\t\t<p class=\"nd_elements_margin_0_important nd_elements_padding_left_10 nd_elements_font_size_15 nd_elements_line_height_15\">BENPOSTA<\/p>\n\t\t\t\t\t    \t\t\t<\/div>\n\t\t\t\t\t    \t\t<\/div>\n\n\t\t\t\t\t    \t\t\n\t\t\t\t\t\t\t\t\n\t\t\t\t\t    \t<\/div>\n\t\t\t\t\t    \t<div class=\"nd_elements_float_left nd_elements_width_50_percentage nd_elements_width_100_percentage_iphone nd_elements_margin_top_20_iphone\">\n\n\t\t\t\t\t    \t\t<div class=\"nd_elements_display_table\">\n\t\t\t\t\t    \t\t\t<div class=\"nd_elements_display_table_cell nd_elements_vertical_align_middle\">\n\t\t\t\t\t    \t\t\t\t<img decoding=\"async\" alt=\"\" class=\" nd_elements_float_left \" width=\"25\" height=\"25\" src=\"https:\/\/benpostacolombia.com\/wp-content\/plugins\/nd-elements\/widgets\/postgrid\/layout\/img\/comment-icon.png\">\n\t\t\t\t\t    \t\t\t<\/div>\n\t\t\t\t\t    \t\t\t<div class=\"nd_elements_display_table_cell nd_elements_vertical_align_middle\">\n\t\t\t\t\t    \t\t\t\t<p class=\"nd_elements_margin_0_important nd_elements_padding_left_10 nd_elements_font_size_15 nd_elements_line_height_15\">0 Comments<\/p>\n\t\t\t\t\t    \t\t\t<\/div>\n\t\t\t\t\t    \t\t<\/div>\n\n\t\t\t\t\t    \t<\/div>\n\t\t\t\t    \t<\/div>\n\n\t\t\t\t    \t\n\t\t\t\t\t\t\n\n\t\t\t\t\t<\/div>\n\n\t\t\t\t<\/div>\n\t\t    \t\n\t\t\t<\/div>\n\t    \t<div class=\" nd_elements_width_33_percentage nd_elements_width_100_percentage_responsive nd_elements_float_left nd_elements_masonry_item nd_elements_padding_15 nd_elements_box_sizing_border_box\">\n\n\t    \t\t<div class=\"nd_elements_section nd_elements_background_color_fff nd_elements_box_shadow_0_0_15_0_0001\">\n\n\t\t    \t\t<a href=\"https:\/\/benpostacolombia.com\/en\/adolescentes-consultoras-en-genero-de-benposta-se-preparan-para-un-encuentro-nacional\/\"><img decoding=\"async\" class=\"nd_elements_section\" alt=\"\" src=\"https:\/\/benpostacolombia.com\/wp-content\/uploads\/2024\/08\/Adolescentes-consultoras-en-genero-de-Benposta-se-preparan-para-un-encuentro-nacional.--1024x647.jpg\"><\/a>\n\n\t\t    \t\t<div class=\"nd_elements_section nd_elements_position_relative\">\n\t\t\t    \t\t<div style=\"background-color:#f2a922\" class=\"nd_elements_display_block nd_elements_width_60 nd_elements_height_60 nd_elements_text_align_center nd_elements_position_absolute nd_elements_right_30 nd_elements_top_30_negative nd_elements_top_60_negative_iphone nd_elements_right_20_iphone \">\n\t\t\t    \t\t\t<div class=\"nd_elements_section nd_elements_height_10\"><\/div>\n\t\t\t    \t\t\t<a href=\"https:\/\/benpostacolombia.com\/en\/adolescentes-consultoras-en-genero-de-benposta-se-preparan-para-un-encuentro-nacional\/\"><h3 class=\"nd_elements_font_size_23 nd_elements_line_height_23 nd_elements_section nd_elements_letter_spacing_1 nd_options_color_white nd_elements_margin_0_important nd_elements_padding_0\"><strong>13<\/strong><\/h3><\/a>\n\t\t\t    \t\t\t<div class=\"nd_elements_section nd_elements_height_5\"><\/div>\n\t\t\t    \t\t\t<a href=\"https:\/\/benpostacolombia.com\/en\/adolescentes-consultoras-en-genero-de-benposta-se-preparan-para-un-encuentro-nacional\/\"><h6 class=\"nd_elements_font_size_13 nd_elements_line_height_13 nd_elements_section nd_elements_letter_spacing_1 nd_elements_text_transform_uppercase nd_options_color_white nd_elements_margin_0_important nd_elements_padding_0\">August<\/h6><\/a>\n\t\t\t    \t\t<\/div>\n\t\t    \t\t<\/div>\n\n\n\t\t    \t\t<div class=\"nd_elements_section nd_elements_padding_40 nd_elements_padding_20_iphone nd_elements_box_sizing_border_box\">\n\t\t    \t\t \n\n\t\t    \t\t\t\n\t\t\t    <p class=\"nd_elements_margin_0_important nd_elements_padding_0 nd_elements_letter_spacing_1 nd_elements_font_size_13 nd_elements_text_transform_uppercase nd_elements_line_height_13 nd_elements_padding_left_15 nd_elements_border_left_style_solid nd_elements_border_width_2\">NOTICIAS<\/p>\n\t\t\t    <div class=\"nd_elements_section nd_elements_height_10\"><\/div>\n\t\t\t    \n\n\t\t\t\t    \t<a class=\"nd_elements_section\" href=\"https:\/\/benpostacolombia.com\/en\/adolescentes-consultoras-en-genero-de-benposta-se-preparan-para-un-encuentro-nacional\/\">\n\t\t\t\t    \t\t<h3 class=\"nd_elements_font_size_23 nd_elements_word_break_break_word nd_elements_font_size_20_iphone nd_elements_line_height_23 nd_elements_margin_0_important nd_elements_letter_spacing_1\"><strong>Adolescentes consultoras en g\u00e9nero de Benposta se preparan para un encuentro nacional.<\/strong><\/h3>\n\t\t\t\t    \t<\/a>\n\t\t\t\t    \t<div class=\"nd_elements_section nd_elements_height_20\"><\/div>\n\t\t\t\t    \t<p class=\"nd_elements_font_size_15 nd_elements_section nd_elements_margin_0_important nd_elements_line_height_2\">El grupo de \"ni\u00f1as-adolescentes mujeres consultoras en g\u00e9nero\" es un componente clave del proyecto ...<\/p>\n\t\t\t\t    \t<div class=\"nd_elements_section nd_elements_height_30\"><\/div>\n\n\t\t\t\t    \t<div class=\"nd_elements_section\">\n\t\t\t\t\t    \t<div class=\"nd_elements_float_left nd_elements_width_50_percentage nd_elements_width_100_percentage_iphone\">\n\n\t\t\t\t\t    \t\t<div class=\"nd_elements_display_table\">\n\t\t\t\t\t    \t\t\t<div class=\"nd_elements_display_table_cell nd_elements_vertical_align_middle\">\n\t\t\t\t\t    \t\t\t\t<img decoding=\"async\" alt=\"\" class=\" nd_elements_float_left nd_elements_border_radius_100_percentage_important \" width=\"25\" height=\"25\" src=\"https:\/\/secure.gravatar.com\/avatar\/28bd23334f30e973926ef65785f0d6e1229afc007798da8a3239b2ec9f24ce03?s=96&amp;d=mm&amp;r=g\">\n\t\t\t\t\t    \t\t\t<\/div>\n\t\t\t\t\t    \t\t\t<div class=\"nd_elements_display_table_cell nd_elements_vertical_align_middle\">\n\t\t\t\t\t    \t\t\t\t<p class=\"nd_elements_margin_0_important nd_elements_padding_left_10 nd_elements_font_size_15 nd_elements_line_height_15\">BENPOSTA<\/p>\n\t\t\t\t\t    \t\t\t<\/div>\n\t\t\t\t\t    \t\t<\/div>\n\n\t\t\t\t\t    \t\t\n\t\t\t\t\t\t\t\t\n\t\t\t\t\t    \t<\/div>\n\t\t\t\t\t    \t<div class=\"nd_elements_float_left nd_elements_width_50_percentage nd_elements_width_100_percentage_iphone nd_elements_margin_top_20_iphone\">\n\n\t\t\t\t\t    \t\t<div class=\"nd_elements_display_table\">\n\t\t\t\t\t    \t\t\t<div class=\"nd_elements_display_table_cell nd_elements_vertical_align_middle\">\n\t\t\t\t\t    \t\t\t\t<img decoding=\"async\" alt=\"\" class=\" nd_elements_float_left \" width=\"25\" height=\"25\" src=\"https:\/\/benpostacolombia.com\/wp-content\/plugins\/nd-elements\/widgets\/postgrid\/layout\/img\/comment-icon.png\">\n\t\t\t\t\t    \t\t\t<\/div>\n\t\t\t\t\t    \t\t\t<div class=\"nd_elements_display_table_cell nd_elements_vertical_align_middle\">\n\t\t\t\t\t    \t\t\t\t<p class=\"nd_elements_margin_0_important nd_elements_padding_left_10 nd_elements_font_size_15 nd_elements_line_height_15\">0 Comments<\/p>\n\t\t\t\t\t    \t\t\t<\/div>\n\t\t\t\t\t    \t\t<\/div>\n\n\t\t\t\t\t    \t<\/div>\n\t\t\t\t    \t<\/div>\n\n\t\t\t\t    \t\n\t\t\t\t\t\t\n\n\t\t\t\t\t<\/div>\n\n\t\t\t\t<\/div>\n\t\t    \t\n\t\t\t<\/div>\n\t    \t<div class=\" nd_elements_width_33_percentage nd_elements_width_100_percentage_responsive nd_elements_float_left nd_elements_masonry_item nd_elements_padding_15 nd_elements_box_sizing_border_box\">\n\n\t    \t\t<div class=\"nd_elements_section nd_elements_background_color_fff nd_elements_box_shadow_0_0_15_0_0001\">\n\n\t\t    \t\t<a href=\"https:\/\/benpostacolombia.com\/en\/jovenes-de-istmina-alzan-la-voz-no-a-las-armas-si-a-la-educacion-con-su-mural-construyendo-mi-futuro\/\"><img decoding=\"async\" class=\"nd_elements_section\" alt=\"\" src=\"https:\/\/benpostacolombia.com\/wp-content\/uploads\/2024\/08\/Jovenes-de-Istmina-alzan-la-voz-No-a-las-armas-si-a-la-educacion-con-su-mural-CONSTRUYENDO-MI-FUTURO--1024x647.jpg\"><\/a>\n\n\t\t    \t\t<div class=\"nd_elements_section nd_elements_position_relative\">\n\t\t\t    \t\t<div style=\"background-color:#f2a922\" class=\"nd_elements_display_block nd_elements_width_60 nd_elements_height_60 nd_elements_text_align_center nd_elements_position_absolute nd_elements_right_30 nd_elements_top_30_negative nd_elements_top_60_negative_iphone nd_elements_right_20_iphone \">\n\t\t\t    \t\t\t<div class=\"nd_elements_section nd_elements_height_10\"><\/div>\n\t\t\t    \t\t\t<a href=\"https:\/\/benpostacolombia.com\/en\/jovenes-de-istmina-alzan-la-voz-no-a-las-armas-si-a-la-educacion-con-su-mural-construyendo-mi-futuro\/\"><h3 class=\"nd_elements_font_size_23 nd_elements_line_height_23 nd_elements_section nd_elements_letter_spacing_1 nd_options_color_white nd_elements_margin_0_important nd_elements_padding_0\"><strong>8<\/strong><\/h3><\/a>\n\t\t\t    \t\t\t<div class=\"nd_elements_section nd_elements_height_5\"><\/div>\n\t\t\t    \t\t\t<a href=\"https:\/\/benpostacolombia.com\/en\/jovenes-de-istmina-alzan-la-voz-no-a-las-armas-si-a-la-educacion-con-su-mural-construyendo-mi-futuro\/\"><h6 class=\"nd_elements_font_size_13 nd_elements_line_height_13 nd_elements_section nd_elements_letter_spacing_1 nd_elements_text_transform_uppercase nd_options_color_white nd_elements_margin_0_important nd_elements_padding_0\">August<\/h6><\/a>\n\t\t\t    \t\t<\/div>\n\t\t    \t\t<\/div>\n\n\n\t\t    \t\t<div class=\"nd_elements_section nd_elements_padding_40 nd_elements_padding_20_iphone nd_elements_box_sizing_border_box\">\n\t\t    \t\t \n\n\t\t    \t\t\t\n\t\t\t    <p class=\"nd_elements_margin_0_important nd_elements_padding_0 nd_elements_letter_spacing_1 nd_elements_font_size_13 nd_elements_text_transform_uppercase nd_elements_line_height_13 nd_elements_padding_left_15 nd_elements_border_left_style_solid nd_elements_border_width_2\">NOTICIAS<\/p>\n\t\t\t    <div class=\"nd_elements_section nd_elements_height_10\"><\/div>\n\t\t\t    \n\n\t\t\t\t    \t<a class=\"nd_elements_section\" href=\"https:\/\/benpostacolombia.com\/en\/jovenes-de-istmina-alzan-la-voz-no-a-las-armas-si-a-la-educacion-con-su-mural-construyendo-mi-futuro\/\">\n\t\t\t\t    \t\t<h3 class=\"nd_elements_font_size_23 nd_elements_word_break_break_word nd_elements_font_size_20_iphone nd_elements_line_height_23 nd_elements_margin_0_important nd_elements_letter_spacing_1\"><strong>J\u00f3venes de Istmina alzan la voz: &#8216;No a las armas, s\u00ed a la educaci\u00f3n&#8217; con su mural &#8216;CONSTRUYENDO MI FUTURO.<\/strong><\/h3>\n\t\t\t\t    \t<\/a>\n\t\t\t\t    \t<div class=\"nd_elements_section nd_elements_height_20\"><\/div>\n\t\t\t\t    \t<p class=\"nd_elements_font_size_15 nd_elements_section nd_elements_margin_0_important nd_elements_line_height_2\">El mural \"CONSTRUYENDO MI FUTURO,\" realizado por j\u00f3venes de la instituci\u00f3n La Salle en Istmina, transmite ...<\/p>\n\t\t\t\t    \t<div class=\"nd_elements_section nd_elements_height_30\"><\/div>\n\n\t\t\t\t    \t<div class=\"nd_elements_section\">\n\t\t\t\t\t    \t<div class=\"nd_elements_float_left nd_elements_width_50_percentage nd_elements_width_100_percentage_iphone\">\n\n\t\t\t\t\t    \t\t<div class=\"nd_elements_display_table\">\n\t\t\t\t\t    \t\t\t<div class=\"nd_elements_display_table_cell nd_elements_vertical_align_middle\">\n\t\t\t\t\t    \t\t\t\t<img decoding=\"async\" alt=\"\" class=\" nd_elements_float_left nd_elements_border_radius_100_percentage_important \" width=\"25\" height=\"25\" src=\"https:\/\/secure.gravatar.com\/avatar\/28bd23334f30e973926ef65785f0d6e1229afc007798da8a3239b2ec9f24ce03?s=96&amp;d=mm&amp;r=g\">\n\t\t\t\t\t    \t\t\t<\/div>\n\t\t\t\t\t    \t\t\t<div class=\"nd_elements_display_table_cell nd_elements_vertical_align_middle\">\n\t\t\t\t\t    \t\t\t\t<p class=\"nd_elements_margin_0_important nd_elements_padding_left_10 nd_elements_font_size_15 nd_elements_line_height_15\">BENPOSTA<\/p>\n\t\t\t\t\t    \t\t\t<\/div>\n\t\t\t\t\t    \t\t<\/div>\n\n\t\t\t\t\t    \t\t\n\t\t\t\t\t\t\t\t\n\t\t\t\t\t    \t<\/div>\n\t\t\t\t\t    \t<div class=\"nd_elements_float_left nd_elements_width_50_percentage nd_elements_width_100_percentage_iphone nd_elements_margin_top_20_iphone\">\n\n\t\t\t\t\t    \t\t<div class=\"nd_elements_display_table\">\n\t\t\t\t\t    \t\t\t<div class=\"nd_elements_display_table_cell nd_elements_vertical_align_middle\">\n\t\t\t\t\t    \t\t\t\t<img decoding=\"async\" alt=\"\" class=\" nd_elements_float_left \" width=\"25\" height=\"25\" src=\"https:\/\/benpostacolombia.com\/wp-content\/plugins\/nd-elements\/widgets\/postgrid\/layout\/img\/comment-icon.png\">\n\t\t\t\t\t    \t\t\t<\/div>\n\t\t\t\t\t    \t\t\t<div class=\"nd_elements_display_table_cell nd_elements_vertical_align_middle\">\n\t\t\t\t\t    \t\t\t\t<p class=\"nd_elements_margin_0_important nd_elements_padding_left_10 nd_elements_font_size_15 nd_elements_line_height_15\">0 Comments<\/p>\n\t\t\t\t\t    \t\t\t<\/div>\n\t\t\t\t\t    \t\t<\/div>\n\n\t\t\t\t\t    \t<\/div>\n\t\t\t\t    \t<\/div>\n\n\t\t\t\t    \t\n\t\t\t\t\t\t\n\n\t\t\t\t\t<\/div>\n\n\t\t\t\t<\/div>\n\t\t    \t\n\t\t\t<\/div>\n\t    \t<div class=\" nd_elements_width_33_percentage nd_elements_width_100_percentage_responsive nd_elements_float_left nd_elements_masonry_item nd_elements_padding_15 nd_elements_box_sizing_border_box\">\n\n\t    \t\t<div class=\"nd_elements_section nd_elements_background_color_fff nd_elements_box_shadow_0_0_15_0_0001\">\n\n\t\t    \t\t<a href=\"https:\/\/benpostacolombia.com\/en\/el-arte-como-motor-de-suenos-benposta-impulsa-talentos-juveniles-en-buenaventura\/\"><img decoding=\"async\" class=\"nd_elements_section\" alt=\"\" src=\"https:\/\/benpostacolombia.com\/wp-content\/uploads\/2024\/08\/El-arte-como-motor-de-suenos-Benposta-impulsa-talentos-juveniles-en-Buenaventura--1024x647.jpg\"><\/a>\n\n\t\t    \t\t<div class=\"nd_elements_section nd_elements_position_relative\">\n\t\t\t    \t\t<div style=\"background-color:#f2a922\" class=\"nd_elements_display_block nd_elements_width_60 nd_elements_height_60 nd_elements_text_align_center nd_elements_position_absolute nd_elements_right_30 nd_elements_top_30_negative nd_elements_top_60_negative_iphone nd_elements_right_20_iphone \">\n\t\t\t    \t\t\t<div class=\"nd_elements_section nd_elements_height_10\"><\/div>\n\t\t\t    \t\t\t<a href=\"https:\/\/benpostacolombia.com\/en\/el-arte-como-motor-de-suenos-benposta-impulsa-talentos-juveniles-en-buenaventura\/\"><h3 class=\"nd_elements_font_size_23 nd_elements_line_height_23 nd_elements_section nd_elements_letter_spacing_1 nd_options_color_white nd_elements_margin_0_important nd_elements_padding_0\"><strong>5<\/strong><\/h3><\/a>\n\t\t\t    \t\t\t<div class=\"nd_elements_section nd_elements_height_5\"><\/div>\n\t\t\t    \t\t\t<a href=\"https:\/\/benpostacolombia.com\/en\/el-arte-como-motor-de-suenos-benposta-impulsa-talentos-juveniles-en-buenaventura\/\"><h6 class=\"nd_elements_font_size_13 nd_elements_line_height_13 nd_elements_section nd_elements_letter_spacing_1 nd_elements_text_transform_uppercase nd_options_color_white nd_elements_margin_0_important nd_elements_padding_0\">August<\/h6><\/a>\n\t\t\t    \t\t<\/div>\n\t\t    \t\t<\/div>\n\n\n\t\t    \t\t<div class=\"nd_elements_section nd_elements_padding_40 nd_elements_padding_20_iphone nd_elements_box_sizing_border_box\">\n\t\t    \t\t \n\n\t\t    \t\t\t\n\t\t\t    <p class=\"nd_elements_margin_0_important nd_elements_padding_0 nd_elements_letter_spacing_1 nd_elements_font_size_13 nd_elements_text_transform_uppercase nd_elements_line_height_13 nd_elements_padding_left_15 nd_elements_border_left_style_solid nd_elements_border_width_2\">NOTICIAS<\/p>\n\t\t\t    <div class=\"nd_elements_section nd_elements_height_10\"><\/div>\n\t\t\t    \n\n\t\t\t\t    \t<a class=\"nd_elements_section\" href=\"https:\/\/benpostacolombia.com\/en\/el-arte-como-motor-de-suenos-benposta-impulsa-talentos-juveniles-en-buenaventura\/\">\n\t\t\t\t    \t\t<h3 class=\"nd_elements_font_size_23 nd_elements_word_break_break_word nd_elements_font_size_20_iphone nd_elements_line_height_23 nd_elements_margin_0_important nd_elements_letter_spacing_1\"><strong>El arte como motor de sue\u00f1os: Benposta impulsa talentos juveniles en Buenaventura.<\/strong><\/h3>\n\t\t\t\t    \t<\/a>\n\t\t\t\t    \t<div class=\"nd_elements_section nd_elements_height_20\"><\/div>\n\t\t\t\t    \t<p class=\"nd_elements_font_size_15 nd_elements_section nd_elements_margin_0_important nd_elements_line_height_2\">El arte es un componente crucial en el trabajo de Benposta en los territorios donde tiene presencia. Las fotos ...<\/p>\n\t\t\t\t    \t<div class=\"nd_elements_section nd_elements_height_30\"><\/div>\n\n\t\t\t\t    \t<div class=\"nd_elements_section\">\n\t\t\t\t\t    \t<div class=\"nd_elements_float_left nd_elements_width_50_percentage nd_elements_width_100_percentage_iphone\">\n\n\t\t\t\t\t    \t\t<div class=\"nd_elements_display_table\">\n\t\t\t\t\t    \t\t\t<div class=\"nd_elements_display_table_cell nd_elements_vertical_align_middle\">\n\t\t\t\t\t    \t\t\t\t<img decoding=\"async\" alt=\"\" class=\" nd_elements_float_left nd_elements_border_radius_100_percentage_important \" width=\"25\" height=\"25\" src=\"https:\/\/secure.gravatar.com\/avatar\/28bd23334f30e973926ef65785f0d6e1229afc007798da8a3239b2ec9f24ce03?s=96&amp;d=mm&amp;r=g\">\n\t\t\t\t\t    \t\t\t<\/div>\n\t\t\t\t\t    \t\t\t<div class=\"nd_elements_display_table_cell nd_elements_vertical_align_middle\">\n\t\t\t\t\t    \t\t\t\t<p class=\"nd_elements_margin_0_important nd_elements_padding_left_10 nd_elements_font_size_15 nd_elements_line_height_15\">BENPOSTA<\/p>\n\t\t\t\t\t    \t\t\t<\/div>\n\t\t\t\t\t    \t\t<\/div>\n\n\t\t\t\t\t    \t\t\n\t\t\t\t\t\t\t\t\n\t\t\t\t\t    \t<\/div>\n\t\t\t\t\t    \t<div class=\"nd_elements_float_left nd_elements_width_50_percentage nd_elements_width_100_percentage_iphone nd_elements_margin_top_20_iphone\">\n\n\t\t\t\t\t    \t\t<div class=\"nd_elements_display_table\">\n\t\t\t\t\t    \t\t\t<div class=\"nd_elements_display_table_cell nd_elements_vertical_align_middle\">\n\t\t\t\t\t    \t\t\t\t<img decoding=\"async\" alt=\"\" class=\" nd_elements_float_left \" width=\"25\" height=\"25\" src=\"https:\/\/benpostacolombia.com\/wp-content\/plugins\/nd-elements\/widgets\/postgrid\/layout\/img\/comment-icon.png\">\n\t\t\t\t\t    \t\t\t<\/div>\n\t\t\t\t\t    \t\t\t<div class=\"nd_elements_display_table_cell nd_elements_vertical_align_middle\">\n\t\t\t\t\t    \t\t\t\t<p class=\"nd_elements_margin_0_important nd_elements_padding_left_10 nd_elements_font_size_15 nd_elements_line_height_15\">0 Comments<\/p>\n\t\t\t\t\t    \t\t\t<\/div>\n\t\t\t\t\t    \t\t<\/div>\n\n\t\t\t\t\t    \t<\/div>\n\t\t\t\t    \t<\/div>\n\n\t\t\t\t    \t\n\t\t\t\t\t\t\n\n\t\t\t\t\t<\/div>\n\n\t\t\t\t<\/div>\n\t\t    \t\n\t\t\t<\/div>\n\t    \t<div class=\" nd_elements_width_33_percentage nd_elements_width_100_percentage_responsive nd_elements_float_left nd_elements_masonry_item nd_elements_padding_15 nd_elements_box_sizing_border_box\">\n\n\t    \t\t<div class=\"nd_elements_section nd_elements_background_color_fff nd_elements_box_shadow_0_0_15_0_0001\">\n\n\t\t    \t\t<a href=\"https:\/\/benpostacolombia.com\/en\/se-inaugura-primera-casa-en-ciudadela-pedagogica-para-ninas-en-istmina-choco\/\"><img decoding=\"async\" class=\"nd_elements_section\" alt=\"\" src=\"https:\/\/benpostacolombia.com\/wp-content\/uploads\/2024\/07\/Se-inaugura-primera-casa-en-ciudadela-pedagogica-para-ninas-en-Istmina-Choco--1024x647.jpg\"><\/a>\n\n\t\t    \t\t<div class=\"nd_elements_section nd_elements_position_relative\">\n\t\t\t    \t\t<div style=\"background-color:#f2a922\" class=\"nd_elements_display_block nd_elements_width_60 nd_elements_height_60 nd_elements_text_align_center nd_elements_position_absolute nd_elements_right_30 nd_elements_top_30_negative nd_elements_top_60_negative_iphone nd_elements_right_20_iphone \">\n\t\t\t    \t\t\t<div class=\"nd_elements_section nd_elements_height_10\"><\/div>\n\t\t\t    \t\t\t<a href=\"https:\/\/benpostacolombia.com\/en\/se-inaugura-primera-casa-en-ciudadela-pedagogica-para-ninas-en-istmina-choco\/\"><h3 class=\"nd_elements_font_size_23 nd_elements_line_height_23 nd_elements_section nd_elements_letter_spacing_1 nd_options_color_white nd_elements_margin_0_important nd_elements_padding_0\"><strong>25<\/strong><\/h3><\/a>\n\t\t\t    \t\t\t<div class=\"nd_elements_section nd_elements_height_5\"><\/div>\n\t\t\t    \t\t\t<a href=\"https:\/\/benpostacolombia.com\/en\/se-inaugura-primera-casa-en-ciudadela-pedagogica-para-ninas-en-istmina-choco\/\"><h6 class=\"nd_elements_font_size_13 nd_elements_line_height_13 nd_elements_section nd_elements_letter_spacing_1 nd_elements_text_transform_uppercase nd_options_color_white nd_elements_margin_0_important nd_elements_padding_0\">July<\/h6><\/a>\n\t\t\t    \t\t<\/div>\n\t\t    \t\t<\/div>\n\n\n\t\t    \t\t<div class=\"nd_elements_section nd_elements_padding_40 nd_elements_padding_20_iphone nd_elements_box_sizing_border_box\">\n\t\t    \t\t \n\n\t\t    \t\t\t\n\t\t\t    <p class=\"nd_elements_margin_0_important nd_elements_padding_0 nd_elements_letter_spacing_1 nd_elements_font_size_13 nd_elements_text_transform_uppercase nd_elements_line_height_13 nd_elements_padding_left_15 nd_elements_border_left_style_solid nd_elements_border_width_2\">NOTICIAS<\/p>\n\t\t\t    <div class=\"nd_elements_section nd_elements_height_10\"><\/div>\n\t\t\t    \n\n\t\t\t\t    \t<a class=\"nd_elements_section\" href=\"https:\/\/benpostacolombia.com\/en\/se-inaugura-primera-casa-en-ciudadela-pedagogica-para-ninas-en-istmina-choco\/\">\n\t\t\t\t    \t\t<h3 class=\"nd_elements_font_size_23 nd_elements_word_break_break_word nd_elements_font_size_20_iphone nd_elements_line_height_23 nd_elements_margin_0_important nd_elements_letter_spacing_1\"><strong>Se inaugura primera casa en ciudadela pedag\u00f3gica para ni\u00f1as en Istmina-Choc\u00f3.<\/strong><\/h3>\n\t\t\t\t    \t<\/a>\n\t\t\t\t    \t<div class=\"nd_elements_section nd_elements_height_20\"><\/div>\n\t\t\t\t    \t<p class=\"nd_elements_font_size_15 nd_elements_section nd_elements_margin_0_important nd_elements_line_height_2\">En un emotivo acto presidido por Monse\u00f1or Mario de Jes\u00fas \u00c1lvarez, Benposta recibi\u00f3 la primera casa ...<\/p>\n\t\t\t\t    \t<div class=\"nd_elements_section nd_elements_height_30\"><\/div>\n\n\t\t\t\t    \t<div class=\"nd_elements_section\">\n\t\t\t\t\t    \t<div class=\"nd_elements_float_left nd_elements_width_50_percentage nd_elements_width_100_percentage_iphone\">\n\n\t\t\t\t\t    \t\t<div class=\"nd_elements_display_table\">\n\t\t\t\t\t    \t\t\t<div class=\"nd_elements_display_table_cell nd_elements_vertical_align_middle\">\n\t\t\t\t\t    \t\t\t\t<img decoding=\"async\" alt=\"\" class=\" nd_elements_float_left nd_elements_border_radius_100_percentage_important \" width=\"25\" height=\"25\" src=\"https:\/\/secure.gravatar.com\/avatar\/28bd23334f30e973926ef65785f0d6e1229afc007798da8a3239b2ec9f24ce03?s=96&amp;d=mm&amp;r=g\">\n\t\t\t\t\t    \t\t\t<\/div>\n\t\t\t\t\t    \t\t\t<div class=\"nd_elements_display_table_cell nd_elements_vertical_align_middle\">\n\t\t\t\t\t    \t\t\t\t<p class=\"nd_elements_margin_0_important nd_elements_padding_left_10 nd_elements_font_size_15 nd_elements_line_height_15\">BENPOSTA<\/p>\n\t\t\t\t\t    \t\t\t<\/div>\n\t\t\t\t\t    \t\t<\/div>\n\n\t\t\t\t\t    \t\t\n\t\t\t\t\t\t\t\t\n\t\t\t\t\t    \t<\/div>\n\t\t\t\t\t    \t<div class=\"nd_elements_float_left nd_elements_width_50_percentage nd_elements_width_100_percentage_iphone nd_elements_margin_top_20_iphone\">\n\n\t\t\t\t\t    \t\t<div class=\"nd_elements_display_table\">\n\t\t\t\t\t    \t\t\t<div class=\"nd_elements_display_table_cell nd_elements_vertical_align_middle\">\n\t\t\t\t\t    \t\t\t\t<img decoding=\"async\" alt=\"\" class=\" nd_elements_float_left \" width=\"25\" height=\"25\" src=\"https:\/\/benpostacolombia.com\/wp-content\/plugins\/nd-elements\/widgets\/postgrid\/layout\/img\/comment-icon.png\">\n\t\t\t\t\t    \t\t\t<\/div>\n\t\t\t\t\t    \t\t\t<div class=\"nd_elements_display_table_cell nd_elements_vertical_align_middle\">\n\t\t\t\t\t    \t\t\t\t<p class=\"nd_elements_margin_0_important nd_elements_padding_left_10 nd_elements_font_size_15 nd_elements_line_height_15\">0 Comments<\/p>\n\t\t\t\t\t    \t\t\t<\/div>\n\t\t\t\t\t    \t\t<\/div>\n\n\t\t\t\t\t    \t<\/div>\n\t\t\t\t    \t<\/div>\n\n\t\t\t\t    \t\n\t\t\t\t\t\t\n\n\t\t\t\t\t<\/div>\n\n\t\t\t\t<\/div>\n\t\t    \t\n\t\t\t<\/div>\n\t    \t<div class=\" nd_elements_width_33_percentage nd_elements_width_100_percentage_responsive nd_elements_float_left nd_elements_masonry_item nd_elements_padding_15 nd_elements_box_sizing_border_box\">\n\n\t    \t\t<div class=\"nd_elements_section nd_elements_background_color_fff nd_elements_box_shadow_0_0_15_0_0001\">\n\n\t\t    \t\t<a href=\"https:\/\/benpostacolombia.com\/en\/benposta-garantiza-bienestar-educativo-con-entrega-de-apoyos-a-familias-de-buenaventura\/\"><img decoding=\"async\" class=\"nd_elements_section\" alt=\"\" src=\"https:\/\/benpostacolombia.com\/wp-content\/uploads\/2024\/07\/Benposta-garantiza-bienestar-educativo-con-entrega-de-apoyos-a-familias-de-Buenaventura--1024x647.jpg\"><\/a>\n\n\t\t    \t\t<div class=\"nd_elements_section nd_elements_position_relative\">\n\t\t\t    \t\t<div style=\"background-color:#f2a922\" class=\"nd_elements_display_block nd_elements_width_60 nd_elements_height_60 nd_elements_text_align_center nd_elements_position_absolute nd_elements_right_30 nd_elements_top_30_negative nd_elements_top_60_negative_iphone nd_elements_right_20_iphone \">\n\t\t\t    \t\t\t<div class=\"nd_elements_section nd_elements_height_10\"><\/div>\n\t\t\t    \t\t\t<a href=\"https:\/\/benpostacolombia.com\/en\/benposta-garantiza-bienestar-educativo-con-entrega-de-apoyos-a-familias-de-buenaventura\/\"><h3 class=\"nd_elements_font_size_23 nd_elements_line_height_23 nd_elements_section nd_elements_letter_spacing_1 nd_options_color_white nd_elements_margin_0_important nd_elements_padding_0\"><strong>24<\/strong><\/h3><\/a>\n\t\t\t    \t\t\t<div class=\"nd_elements_section nd_elements_height_5\"><\/div>\n\t\t\t    \t\t\t<a href=\"https:\/\/benpostacolombia.com\/en\/benposta-garantiza-bienestar-educativo-con-entrega-de-apoyos-a-familias-de-buenaventura\/\"><h6 class=\"nd_elements_font_size_13 nd_elements_line_height_13 nd_elements_section nd_elements_letter_spacing_1 nd_elements_text_transform_uppercase nd_options_color_white nd_elements_margin_0_important nd_elements_padding_0\">July<\/h6><\/a>\n\t\t\t    \t\t<\/div>\n\t\t    \t\t<\/div>\n\n\n\t\t    \t\t<div class=\"nd_elements_section nd_elements_padding_40 nd_elements_padding_20_iphone nd_elements_box_sizing_border_box\">\n\t\t    \t\t \n\n\t\t    \t\t\t\n\t\t\t    <p class=\"nd_elements_margin_0_important nd_elements_padding_0 nd_elements_letter_spacing_1 nd_elements_font_size_13 nd_elements_text_transform_uppercase nd_elements_line_height_13 nd_elements_padding_left_15 nd_elements_border_left_style_solid nd_elements_border_width_2\">NOTICIAS<\/p>\n\t\t\t    <div class=\"nd_elements_section nd_elements_height_10\"><\/div>\n\t\t\t    \n\n\t\t\t\t    \t<a class=\"nd_elements_section\" href=\"https:\/\/benpostacolombia.com\/en\/benposta-garantiza-bienestar-educativo-con-entrega-de-apoyos-a-familias-de-buenaventura\/\">\n\t\t\t\t    \t\t<h3 class=\"nd_elements_font_size_23 nd_elements_word_break_break_word nd_elements_font_size_20_iphone nd_elements_line_height_23 nd_elements_margin_0_important nd_elements_letter_spacing_1\"><strong>Benposta garantiza bienestar educativo con entrega de apoyos a familias de Buenaventura.<\/strong><\/h3>\n\t\t\t\t    \t<\/a>\n\t\t\t\t    \t<div class=\"nd_elements_section nd_elements_height_20\"><\/div>\n\t\t\t\t    \t<p class=\"nd_elements_font_size_15 nd_elements_section nd_elements_margin_0_important nd_elements_line_height_2\">Benposta ha realizado con \u00e9xito la entrega de apoyos condicionados a las familias de Buenaventura. Durante esta ...<\/p>\n\t\t\t\t    \t<div class=\"nd_elements_section nd_elements_height_30\"><\/div>\n\n\t\t\t\t    \t<div class=\"nd_elements_section\">\n\t\t\t\t\t    \t<div class=\"nd_elements_float_left nd_elements_width_50_percentage nd_elements_width_100_percentage_iphone\">\n\n\t\t\t\t\t    \t\t<div class=\"nd_elements_display_table\">\n\t\t\t\t\t    \t\t\t<div class=\"nd_elements_display_table_cell nd_elements_vertical_align_middle\">\n\t\t\t\t\t    \t\t\t\t<img decoding=\"async\" alt=\"\" class=\" nd_elements_float_left nd_elements_border_radius_100_percentage_important \" width=\"25\" height=\"25\" src=\"https:\/\/secure.gravatar.com\/avatar\/28bd23334f30e973926ef65785f0d6e1229afc007798da8a3239b2ec9f24ce03?s=96&amp;d=mm&amp;r=g\">\n\t\t\t\t\t    \t\t\t<\/div>\n\t\t\t\t\t    \t\t\t<div class=\"nd_elements_display_table_cell nd_elements_vertical_align_middle\">\n\t\t\t\t\t    \t\t\t\t<p class=\"nd_elements_margin_0_important nd_elements_padding_left_10 nd_elements_font_size_15 nd_elements_line_height_15\">BENPOSTA<\/p>\n\t\t\t\t\t    \t\t\t<\/div>\n\t\t\t\t\t    \t\t<\/div>\n\n\t\t\t\t\t    \t\t\n\t\t\t\t\t\t\t\t\n\t\t\t\t\t    \t<\/div>\n\t\t\t\t\t    \t<div class=\"nd_elements_float_left nd_elements_width_50_percentage nd_elements_width_100_percentage_iphone nd_elements_margin_top_20_iphone\">\n\n\t\t\t\t\t    \t\t<div class=\"nd_elements_display_table\">\n\t\t\t\t\t    \t\t\t<div class=\"nd_elements_display_table_cell nd_elements_vertical_align_middle\">\n\t\t\t\t\t    \t\t\t\t<img decoding=\"async\" alt=\"\" class=\" nd_elements_float_left \" width=\"25\" height=\"25\" src=\"https:\/\/benpostacolombia.com\/wp-content\/plugins\/nd-elements\/widgets\/postgrid\/layout\/img\/comment-icon.png\">\n\t\t\t\t\t    \t\t\t<\/div>\n\t\t\t\t\t    \t\t\t<div class=\"nd_elements_display_table_cell nd_elements_vertical_align_middle\">\n\t\t\t\t\t    \t\t\t\t<p class=\"nd_elements_margin_0_important nd_elements_padding_left_10 nd_elements_font_size_15 nd_elements_line_height_15\">0 Comments<\/p>\n\t\t\t\t\t    \t\t\t<\/div>\n\t\t\t\t\t    \t\t<\/div>\n\n\t\t\t\t\t    \t<\/div>\n\t\t\t\t    \t<\/div>\n\n\t\t\t\t    \t\n\t\t\t\t\t\t\n\n\t\t\t\t\t<\/div>\n\n\t\t\t\t<\/div>\n\t\t    \t\n\t\t\t<\/div>\n\t    \t<div class=\" nd_elements_width_33_percentage nd_elements_width_100_percentage_responsive nd_elements_float_left nd_elements_masonry_item nd_elements_padding_15 nd_elements_box_sizing_border_box\">\n\n\t    \t\t<div class=\"nd_elements_section nd_elements_background_color_fff nd_elements_box_shadow_0_0_15_0_0001\">\n\n\t\t    \t\t<a href=\"https:\/\/benpostacolombia.com\/en\/benposta-realiza-visitas-domiciliarias-para-evaluar-riesgos-y-vulnerabilidad-en-comunidades\/\"><img decoding=\"async\" class=\"nd_elements_section\" alt=\"\" src=\"https:\/\/benpostacolombia.com\/wp-content\/uploads\/2024\/07\/Benposta-realiza-visitas-domiciliarias-para-evaluar-riesgos-y-vulnerabilidad-en-comunidades--1024x647.jpg\"><\/a>\n\n\t\t    \t\t<div class=\"nd_elements_section nd_elements_position_relative\">\n\t\t\t    \t\t<div style=\"background-color:#f2a922\" class=\"nd_elements_display_block nd_elements_width_60 nd_elements_height_60 nd_elements_text_align_center nd_elements_position_absolute nd_elements_right_30 nd_elements_top_30_negative nd_elements_top_60_negative_iphone nd_elements_right_20_iphone \">\n\t\t\t    \t\t\t<div class=\"nd_elements_section nd_elements_height_10\"><\/div>\n\t\t\t    \t\t\t<a href=\"https:\/\/benpostacolombia.com\/en\/benposta-realiza-visitas-domiciliarias-para-evaluar-riesgos-y-vulnerabilidad-en-comunidades\/\"><h3 class=\"nd_elements_font_size_23 nd_elements_line_height_23 nd_elements_section nd_elements_letter_spacing_1 nd_options_color_white nd_elements_margin_0_important nd_elements_padding_0\"><strong>23<\/strong><\/h3><\/a>\n\t\t\t    \t\t\t<div class=\"nd_elements_section nd_elements_height_5\"><\/div>\n\t\t\t    \t\t\t<a href=\"https:\/\/benpostacolombia.com\/en\/benposta-realiza-visitas-domiciliarias-para-evaluar-riesgos-y-vulnerabilidad-en-comunidades\/\"><h6 class=\"nd_elements_font_size_13 nd_elements_line_height_13 nd_elements_section nd_elements_letter_spacing_1 nd_elements_text_transform_uppercase nd_options_color_white nd_elements_margin_0_important nd_elements_padding_0\">July<\/h6><\/a>\n\t\t\t    \t\t<\/div>\n\t\t    \t\t<\/div>\n\n\n\t\t    \t\t<div class=\"nd_elements_section nd_elements_padding_40 nd_elements_padding_20_iphone nd_elements_box_sizing_border_box\">\n\t\t    \t\t \n\n\t\t    \t\t\t\n\t\t\t    <p class=\"nd_elements_margin_0_important nd_elements_padding_0 nd_elements_letter_spacing_1 nd_elements_font_size_13 nd_elements_text_transform_uppercase nd_elements_line_height_13 nd_elements_padding_left_15 nd_elements_border_left_style_solid nd_elements_border_width_2\">NOTICIAS<\/p>\n\t\t\t    <div class=\"nd_elements_section nd_elements_height_10\"><\/div>\n\t\t\t    \n\n\t\t\t\t    \t<a class=\"nd_elements_section\" href=\"https:\/\/benpostacolombia.com\/en\/benposta-realiza-visitas-domiciliarias-para-evaluar-riesgos-y-vulnerabilidad-en-comunidades\/\">\n\t\t\t\t    \t\t<h3 class=\"nd_elements_font_size_23 nd_elements_word_break_break_word nd_elements_font_size_20_iphone nd_elements_line_height_23 nd_elements_margin_0_important nd_elements_letter_spacing_1\"><strong>Benposta realiza visitas domiciliarias para evaluar riesgos y vulnerabilidad en comunidades.<\/strong><\/h3>\n\t\t\t\t    \t<\/a>\n\t\t\t\t    \t<div class=\"nd_elements_section nd_elements_height_20\"><\/div>\n\t\t\t\t    \t<p class=\"nd_elements_font_size_15 nd_elements_section nd_elements_margin_0_important nd_elements_line_height_2\">Los equipos en los territorios de incidencia realizan visitas domiciliarias esenciales para identificar casos de ...<\/p>\n\t\t\t\t    \t<div class=\"nd_elements_section nd_elements_height_30\"><\/div>\n\n\t\t\t\t    \t<div class=\"nd_elements_section\">\n\t\t\t\t\t    \t<div class=\"nd_elements_float_left nd_elements_width_50_percentage nd_elements_width_100_percentage_iphone\">\n\n\t\t\t\t\t    \t\t<div class=\"nd_elements_display_table\">\n\t\t\t\t\t    \t\t\t<div class=\"nd_elements_display_table_cell nd_elements_vertical_align_middle\">\n\t\t\t\t\t    \t\t\t\t<img decoding=\"async\" alt=\"\" class=\" nd_elements_float_left nd_elements_border_radius_100_percentage_important \" width=\"25\" height=\"25\" src=\"https:\/\/secure.gravatar.com\/avatar\/28bd23334f30e973926ef65785f0d6e1229afc007798da8a3239b2ec9f24ce03?s=96&amp;d=mm&amp;r=g\">\n\t\t\t\t\t    \t\t\t<\/div>\n\t\t\t\t\t    \t\t\t<div class=\"nd_elements_display_table_cell nd_elements_vertical_align_middle\">\n\t\t\t\t\t    \t\t\t\t<p class=\"nd_elements_margin_0_important nd_elements_padding_left_10 nd_elements_font_size_15 nd_elements_line_height_15\">BENPOSTA<\/p>\n\t\t\t\t\t    \t\t\t<\/div>\n\t\t\t\t\t    \t\t<\/div>\n\n\t\t\t\t\t    \t\t\n\t\t\t\t\t\t\t\t\n\t\t\t\t\t    \t<\/div>\n\t\t\t\t\t    \t<div class=\"nd_elements_float_left nd_elements_width_50_percentage nd_elements_width_100_percentage_iphone nd_elements_margin_top_20_iphone\">\n\n\t\t\t\t\t    \t\t<div class=\"nd_elements_display_table\">\n\t\t\t\t\t    \t\t\t<div class=\"nd_elements_display_table_cell nd_elements_vertical_align_middle\">\n\t\t\t\t\t    \t\t\t\t<img decoding=\"async\" alt=\"\" class=\" nd_elements_float_left \" width=\"25\" height=\"25\" src=\"https:\/\/benpostacolombia.com\/wp-content\/plugins\/nd-elements\/widgets\/postgrid\/layout\/img\/comment-icon.png\">\n\t\t\t\t\t    \t\t\t<\/div>\n\t\t\t\t\t    \t\t\t<div class=\"nd_elements_display_table_cell nd_elements_vertical_align_middle\">\n\t\t\t\t\t    \t\t\t\t<p class=\"nd_elements_margin_0_important nd_elements_padding_left_10 nd_elements_font_size_15 nd_elements_line_height_15\">0 Comments<\/p>\n\t\t\t\t\t    \t\t\t<\/div>\n\t\t\t\t\t    \t\t<\/div>\n\n\t\t\t\t\t    \t<\/div>\n\t\t\t\t    \t<\/div>\n\n\t\t\t\t    \t\n\t\t\t\t\t\t\n\n\t\t\t\t\t<\/div>\n\n\t\t\t\t<\/div>\n\t\t    \t\n\t\t\t<\/div>\n\t    \t<div class=\" nd_elements_width_33_percentage nd_elements_width_100_percentage_responsive nd_elements_float_left nd_elements_masonry_item nd_elements_padding_15 nd_elements_box_sizing_border_box\">\n\n\t    \t\t<div class=\"nd_elements_section nd_elements_background_color_fff nd_elements_box_shadow_0_0_15_0_0001\">\n\n\t\t    \t\t<a href=\"https:\/\/benpostacolombia.com\/en\/benposta-impulsa-liderazgo-juvenil-en-la-mesa-de-participacion-de-infancia-y-adolescencia\/\"><img decoding=\"async\" class=\"nd_elements_section\" alt=\"\" src=\"https:\/\/benpostacolombia.com\/wp-content\/uploads\/2024\/12\/Benposta-impulsa-liderazgo-juvenil-en-la-Mesa-de-Participacion-de-Infancia-y-Adolescencia--1024x647.jpg\"><\/a>\n\n\t\t    \t\t<div class=\"nd_elements_section nd_elements_position_relative\">\n\t\t\t    \t\t<div style=\"background-color:#f2a922\" class=\"nd_elements_display_block nd_elements_width_60 nd_elements_height_60 nd_elements_text_align_center nd_elements_position_absolute nd_elements_right_30 nd_elements_top_30_negative nd_elements_top_60_negative_iphone nd_elements_right_20_iphone \">\n\t\t\t    \t\t\t<div class=\"nd_elements_section nd_elements_height_10\"><\/div>\n\t\t\t    \t\t\t<a href=\"https:\/\/benpostacolombia.com\/en\/benposta-impulsa-liderazgo-juvenil-en-la-mesa-de-participacion-de-infancia-y-adolescencia\/\"><h3 class=\"nd_elements_font_size_23 nd_elements_line_height_23 nd_elements_section nd_elements_letter_spacing_1 nd_options_color_white nd_elements_margin_0_important nd_elements_padding_0\"><strong>22<\/strong><\/h3><\/a>\n\t\t\t    \t\t\t<div class=\"nd_elements_section nd_elements_height_5\"><\/div>\n\t\t\t    \t\t\t<a href=\"https:\/\/benpostacolombia.com\/en\/benposta-impulsa-liderazgo-juvenil-en-la-mesa-de-participacion-de-infancia-y-adolescencia\/\"><h6 class=\"nd_elements_font_size_13 nd_elements_line_height_13 nd_elements_section nd_elements_letter_spacing_1 nd_elements_text_transform_uppercase nd_options_color_white nd_elements_margin_0_important nd_elements_padding_0\">July<\/h6><\/a>\n\t\t\t    \t\t<\/div>\n\t\t    \t\t<\/div>\n\n\n\t\t    \t\t<div class=\"nd_elements_section nd_elements_padding_40 nd_elements_padding_20_iphone nd_elements_box_sizing_border_box\">\n\t\t    \t\t \n\n\t\t    \t\t\t\n\t\t\t    <p class=\"nd_elements_margin_0_important nd_elements_padding_0 nd_elements_letter_spacing_1 nd_elements_font_size_13 nd_elements_text_transform_uppercase nd_elements_line_height_13 nd_elements_padding_left_15 nd_elements_border_left_style_solid nd_elements_border_width_2\">NOTICIAS<\/p>\n\t\t\t    <div class=\"nd_elements_section nd_elements_height_10\"><\/div>\n\t\t\t    \n\n\t\t\t\t    \t<a class=\"nd_elements_section\" href=\"https:\/\/benpostacolombia.com\/en\/benposta-impulsa-liderazgo-juvenil-en-la-mesa-de-participacion-de-infancia-y-adolescencia\/\">\n\t\t\t\t    \t\t<h3 class=\"nd_elements_font_size_23 nd_elements_word_break_break_word nd_elements_font_size_20_iphone nd_elements_line_height_23 nd_elements_margin_0_important nd_elements_letter_spacing_1\"><strong>Benposta impulsa liderazgo juvenil en la Mesa de Participaci\u00f3n de Infancia y Adolescencia.<\/strong><\/h3>\n\t\t\t\t    \t<\/a>\n\t\t\t\t    \t<div class=\"nd_elements_section nd_elements_height_20\"><\/div>\n\t\t\t\t    \t<p class=\"nd_elements_font_size_15 nd_elements_section nd_elements_margin_0_important nd_elements_line_height_2\">Benposta tuvo el placer de participar en la Mesa de Participaci\u00f3n de Infancia y Adolescencia, junto con ni\u00f1os, ni\u00f1as ...<\/p>\n\t\t\t\t    \t<div class=\"nd_elements_section nd_elements_height_30\"><\/div>\n\n\t\t\t\t    \t<div class=\"nd_elements_section\">\n\t\t\t\t\t    \t<div class=\"nd_elements_float_left nd_elements_width_50_percentage nd_elements_width_100_percentage_iphone\">\n\n\t\t\t\t\t    \t\t<div class=\"nd_elements_display_table\">\n\t\t\t\t\t    \t\t\t<div class=\"nd_elements_display_table_cell nd_elements_vertical_align_middle\">\n\t\t\t\t\t    \t\t\t\t<img decoding=\"async\" alt=\"\" class=\" nd_elements_float_left nd_elements_border_radius_100_percentage_important \" width=\"25\" height=\"25\" src=\"https:\/\/secure.gravatar.com\/avatar\/28bd23334f30e973926ef65785f0d6e1229afc007798da8a3239b2ec9f24ce03?s=96&amp;d=mm&amp;r=g\">\n\t\t\t\t\t    \t\t\t<\/div>\n\t\t\t\t\t    \t\t\t<div class=\"nd_elements_display_table_cell nd_elements_vertical_align_middle\">\n\t\t\t\t\t    \t\t\t\t<p class=\"nd_elements_margin_0_important nd_elements_padding_left_10 nd_elements_font_size_15 nd_elements_line_height_15\">BENPOSTA<\/p>\n\t\t\t\t\t    \t\t\t<\/div>\n\t\t\t\t\t    \t\t<\/div>\n\n\t\t\t\t\t    \t\t\n\t\t\t\t\t\t\t\t\n\t\t\t\t\t    \t<\/div>\n\t\t\t\t\t    \t<div class=\"nd_elements_float_left nd_elements_width_50_percentage nd_elements_width_100_percentage_iphone nd_elements_margin_top_20_iphone\">\n\n\t\t\t\t\t    \t\t<div class=\"nd_elements_display_table\">\n\t\t\t\t\t    \t\t\t<div class=\"nd_elements_display_table_cell nd_elements_vertical_align_middle\">\n\t\t\t\t\t    \t\t\t\t<img decoding=\"async\" alt=\"\" class=\" nd_elements_float_left \" width=\"25\" height=\"25\" src=\"https:\/\/benpostacolombia.com\/wp-content\/plugins\/nd-elements\/widgets\/postgrid\/layout\/img\/comment-icon.png\">\n\t\t\t\t\t    \t\t\t<\/div>\n\t\t\t\t\t    \t\t\t<div class=\"nd_elements_display_table_cell nd_elements_vertical_align_middle\">\n\t\t\t\t\t    \t\t\t\t<p class=\"nd_elements_margin_0_important nd_elements_padding_left_10 nd_elements_font_size_15 nd_elements_line_height_15\">0 Comments<\/p>\n\t\t\t\t\t    \t\t\t<\/div>\n\t\t\t\t\t    \t\t<\/div>\n\n\t\t\t\t\t    \t<\/div>\n\t\t\t\t    \t<\/div>\n\n\t\t\t\t    \t\n\t\t\t\t\t\t\n\n\t\t\t\t\t<\/div>\n\n\t\t\t\t<\/div>\n\t\t    \t\n\t\t\t<\/div>\n\t    \t<div class=\" nd_elements_width_33_percentage nd_elements_width_100_percentage_responsive nd_elements_float_left nd_elements_masonry_item nd_elements_padding_15 nd_elements_box_sizing_border_box\">\n\n\t    \t\t<div class=\"nd_elements_section nd_elements_background_color_fff nd_elements_box_shadow_0_0_15_0_0001\">\n\n\t\t    \t\t<a href=\"https:\/\/benpostacolombia.com\/en\/benposta-y-colegio-san-pablo-industrial-de-istmina-fortalecen-alianzas-para-la-proteccion-infantil\/\"><img decoding=\"async\" class=\"nd_elements_section\" alt=\"\" src=\"https:\/\/benpostacolombia.com\/wp-content\/uploads\/2024\/07\/Benposta-y-Colegio-San-Pablo-Industrial-de-Istmina-fortalecen-alianzas-para-la-proteccion-infantil--1024x647.jpg\"><\/a>\n\n\t\t    \t\t<div class=\"nd_elements_section nd_elements_position_relative\">\n\t\t\t    \t\t<div style=\"background-color:#f2a922\" class=\"nd_elements_display_block nd_elements_width_60 nd_elements_height_60 nd_elements_text_align_center nd_elements_position_absolute nd_elements_right_30 nd_elements_top_30_negative nd_elements_top_60_negative_iphone nd_elements_right_20_iphone \">\n\t\t\t    \t\t\t<div class=\"nd_elements_section nd_elements_height_10\"><\/div>\n\t\t\t    \t\t\t<a href=\"https:\/\/benpostacolombia.com\/en\/benposta-y-colegio-san-pablo-industrial-de-istmina-fortalecen-alianzas-para-la-proteccion-infantil\/\"><h3 class=\"nd_elements_font_size_23 nd_elements_line_height_23 nd_elements_section nd_elements_letter_spacing_1 nd_options_color_white nd_elements_margin_0_important nd_elements_padding_0\"><strong>19<\/strong><\/h3><\/a>\n\t\t\t    \t\t\t<div class=\"nd_elements_section nd_elements_height_5\"><\/div>\n\t\t\t    \t\t\t<a href=\"https:\/\/benpostacolombia.com\/en\/benposta-y-colegio-san-pablo-industrial-de-istmina-fortalecen-alianzas-para-la-proteccion-infantil\/\"><h6 class=\"nd_elements_font_size_13 nd_elements_line_height_13 nd_elements_section nd_elements_letter_spacing_1 nd_elements_text_transform_uppercase nd_options_color_white nd_elements_margin_0_important nd_elements_padding_0\">July<\/h6><\/a>\n\t\t\t    \t\t<\/div>\n\t\t    \t\t<\/div>\n\n\n\t\t    \t\t<div class=\"nd_elements_section nd_elements_padding_40 nd_elements_padding_20_iphone nd_elements_box_sizing_border_box\">\n\t\t    \t\t \n\n\t\t    \t\t\t\n\t\t\t    <p class=\"nd_elements_margin_0_important nd_elements_padding_0 nd_elements_letter_spacing_1 nd_elements_font_size_13 nd_elements_text_transform_uppercase nd_elements_line_height_13 nd_elements_padding_left_15 nd_elements_border_left_style_solid nd_elements_border_width_2\">NOTICIAS<\/p>\n\t\t\t    <div class=\"nd_elements_section nd_elements_height_10\"><\/div>\n\t\t\t    \n\n\t\t\t\t    \t<a class=\"nd_elements_section\" href=\"https:\/\/benpostacolombia.com\/en\/benposta-y-colegio-san-pablo-industrial-de-istmina-fortalecen-alianzas-para-la-proteccion-infantil\/\">\n\t\t\t\t    \t\t<h3 class=\"nd_elements_font_size_23 nd_elements_word_break_break_word nd_elements_font_size_20_iphone nd_elements_line_height_23 nd_elements_margin_0_important nd_elements_letter_spacing_1\"><strong>Benposta y Colegio San Pablo Industrial de Istmina fortalecen alianzas para la protecci\u00f3n infantil.<\/strong><\/h3>\n\t\t\t\t    \t<\/a>\n\t\t\t\t    \t<div class=\"nd_elements_section nd_elements_height_20\"><\/div>\n\t\t\t\t    \t<p class=\"nd_elements_font_size_15 nd_elements_section nd_elements_margin_0_important nd_elements_line_height_2\">Actualmente, estamos llevando a cabo una reuni\u00f3n de monitoreo con los docentes del Colegio San Pablo ...<\/p>\n\t\t\t\t    \t<div class=\"nd_elements_section nd_elements_height_30\"><\/div>\n\n\t\t\t\t    \t<div class=\"nd_elements_section\">\n\t\t\t\t\t    \t<div class=\"nd_elements_float_left nd_elements_width_50_percentage nd_elements_width_100_percentage_iphone\">\n\n\t\t\t\t\t    \t\t<div class=\"nd_elements_display_table\">\n\t\t\t\t\t    \t\t\t<div class=\"nd_elements_display_table_cell nd_elements_vertical_align_middle\">\n\t\t\t\t\t    \t\t\t\t<img decoding=\"async\" alt=\"\" class=\" nd_elements_float_left nd_elements_border_radius_100_percentage_important \" width=\"25\" height=\"25\" src=\"https:\/\/secure.gravatar.com\/avatar\/28bd23334f30e973926ef65785f0d6e1229afc007798da8a3239b2ec9f24ce03?s=96&amp;d=mm&amp;r=g\">\n\t\t\t\t\t    \t\t\t<\/div>\n\t\t\t\t\t    \t\t\t<div class=\"nd_elements_display_table_cell nd_elements_vertical_align_middle\">\n\t\t\t\t\t    \t\t\t\t<p class=\"nd_elements_margin_0_important nd_elements_padding_left_10 nd_elements_font_size_15 nd_elements_line_height_15\">BENPOSTA<\/p>\n\t\t\t\t\t    \t\t\t<\/div>\n\t\t\t\t\t    \t\t<\/div>\n\n\t\t\t\t\t    \t\t\n\t\t\t\t\t\t\t\t\n\t\t\t\t\t    \t<\/div>\n\t\t\t\t\t    \t<div class=\"nd_elements_float_left nd_elements_width_50_percentage nd_elements_width_100_percentage_iphone nd_elements_margin_top_20_iphone\">\n\n\t\t\t\t\t    \t\t<div class=\"nd_elements_display_table\">\n\t\t\t\t\t    \t\t\t<div class=\"nd_elements_display_table_cell nd_elements_vertical_align_middle\">\n\t\t\t\t\t    \t\t\t\t<img decoding=\"async\" alt=\"\" class=\" nd_elements_float_left \" width=\"25\" height=\"25\" src=\"https:\/\/benpostacolombia.com\/wp-content\/plugins\/nd-elements\/widgets\/postgrid\/layout\/img\/comment-icon.png\">\n\t\t\t\t\t    \t\t\t<\/div>\n\t\t\t\t\t    \t\t\t<div class=\"nd_elements_display_table_cell nd_elements_vertical_align_middle\">\n\t\t\t\t\t    \t\t\t\t<p class=\"nd_elements_margin_0_important nd_elements_padding_left_10 nd_elements_font_size_15 nd_elements_line_height_15\">0 Comments<\/p>\n\t\t\t\t\t    \t\t\t<\/div>\n\t\t\t\t\t    \t\t<\/div>\n\n\t\t\t\t\t    \t<\/div>\n\t\t\t\t    \t<\/div>\n\n\t\t\t\t    \t\n\t\t\t\t\t\t\n\n\t\t\t\t\t<\/div>\n\n\t\t\t\t<\/div>\n\t\t    \t\n\t\t\t<\/div>\n\t    \t<div class=\" nd_elements_width_33_percentage nd_elements_width_100_percentage_responsive nd_elements_float_left nd_elements_masonry_item nd_elements_padding_15 nd_elements_box_sizing_border_box\">\n\n\t    \t\t<div class=\"nd_elements_section nd_elements_background_color_fff nd_elements_box_shadow_0_0_15_0_0001\">\n\n\t\t    \t\t<a href=\"https:\/\/benpostacolombia.com\/en\/comite-de-ninas-consultoras-en-buenaventura-impulsa-estudios-de-genero-y-empoderamiento-juvenil\/\"><img decoding=\"async\" class=\"nd_elements_section\" alt=\"\" src=\"https:\/\/benpostacolombia.com\/wp-content\/uploads\/2024\/07\/Comite-de-Ninas-Consultoras-en-Buenaventura-impulsa-estudios-de-genero-y-empoderamiento-juvenil--1024x647.jpg\"><\/a>\n\n\t\t    \t\t<div class=\"nd_elements_section nd_elements_position_relative\">\n\t\t\t    \t\t<div style=\"background-color:#f2a922\" class=\"nd_elements_display_block nd_elements_width_60 nd_elements_height_60 nd_elements_text_align_center nd_elements_position_absolute nd_elements_right_30 nd_elements_top_30_negative nd_elements_top_60_negative_iphone nd_elements_right_20_iphone \">\n\t\t\t    \t\t\t<div class=\"nd_elements_section nd_elements_height_10\"><\/div>\n\t\t\t    \t\t\t<a href=\"https:\/\/benpostacolombia.com\/en\/comite-de-ninas-consultoras-en-buenaventura-impulsa-estudios-de-genero-y-empoderamiento-juvenil\/\"><h3 class=\"nd_elements_font_size_23 nd_elements_line_height_23 nd_elements_section nd_elements_letter_spacing_1 nd_options_color_white nd_elements_margin_0_important nd_elements_padding_0\"><strong>18<\/strong><\/h3><\/a>\n\t\t\t    \t\t\t<div class=\"nd_elements_section nd_elements_height_5\"><\/div>\n\t\t\t    \t\t\t<a href=\"https:\/\/benpostacolombia.com\/en\/comite-de-ninas-consultoras-en-buenaventura-impulsa-estudios-de-genero-y-empoderamiento-juvenil\/\"><h6 class=\"nd_elements_font_size_13 nd_elements_line_height_13 nd_elements_section nd_elements_letter_spacing_1 nd_elements_text_transform_uppercase nd_options_color_white nd_elements_margin_0_important nd_elements_padding_0\">July<\/h6><\/a>\n\t\t\t    \t\t<\/div>\n\t\t    \t\t<\/div>\n\n\n\t\t    \t\t<div class=\"nd_elements_section nd_elements_padding_40 nd_elements_padding_20_iphone nd_elements_box_sizing_border_box\">\n\t\t    \t\t \n\n\t\t    \t\t\t\n\t\t\t    <p class=\"nd_elements_margin_0_important nd_elements_padding_0 nd_elements_letter_spacing_1 nd_elements_font_size_13 nd_elements_text_transform_uppercase nd_elements_line_height_13 nd_elements_padding_left_15 nd_elements_border_left_style_solid nd_elements_border_width_2\">NOTICIAS<\/p>\n\t\t\t    <div class=\"nd_elements_section nd_elements_height_10\"><\/div>\n\t\t\t    \n\n\t\t\t\t    \t<a class=\"nd_elements_section\" href=\"https:\/\/benpostacolombia.com\/en\/comite-de-ninas-consultoras-en-buenaventura-impulsa-estudios-de-genero-y-empoderamiento-juvenil\/\">\n\t\t\t\t    \t\t<h3 class=\"nd_elements_font_size_23 nd_elements_word_break_break_word nd_elements_font_size_20_iphone nd_elements_line_height_23 nd_elements_margin_0_important nd_elements_letter_spacing_1\"><strong>Comit\u00e9 de Ni\u00f1as Consultoras en Buenaventura impulsa estudios de g\u00e9nero y empoderamiento juvenil.<\/strong><\/h3>\n\t\t\t\t    \t<\/a>\n\t\t\t\t    \t<div class=\"nd_elements_section nd_elements_height_20\"><\/div>\n\t\t\t\t    \t<p class=\"nd_elements_font_size_15 nd_elements_section nd_elements_margin_0_important nd_elements_line_height_2\">En Buenaventura, el Comit\u00e9 de Ni\u00f1as Consultoras trabaja arduamente en estudios sobre problem\u00e1ticas de g\u00e9nero ...<\/p>\n\t\t\t\t    \t<div class=\"nd_elements_section nd_elements_height_30\"><\/div>\n\n\t\t\t\t    \t<div class=\"nd_elements_section\">\n\t\t\t\t\t    \t<div class=\"nd_elements_float_left nd_elements_width_50_percentage nd_elements_width_100_percentage_iphone\">\n\n\t\t\t\t\t    \t\t<div class=\"nd_elements_display_table\">\n\t\t\t\t\t    \t\t\t<div class=\"nd_elements_display_table_cell nd_elements_vertical_align_middle\">\n\t\t\t\t\t    \t\t\t\t<img decoding=\"async\" alt=\"\" class=\" nd_elements_float_left nd_elements_border_radius_100_percentage_important \" width=\"25\" height=\"25\" src=\"https:\/\/secure.gravatar.com\/avatar\/28bd23334f30e973926ef65785f0d6e1229afc007798da8a3239b2ec9f24ce03?s=96&amp;d=mm&amp;r=g\">\n\t\t\t\t\t    \t\t\t<\/div>\n\t\t\t\t\t    \t\t\t<div class=\"nd_elements_display_table_cell nd_elements_vertical_align_middle\">\n\t\t\t\t\t    \t\t\t\t<p class=\"nd_elements_margin_0_important nd_elements_padding_left_10 nd_elements_font_size_15 nd_elements_line_height_15\">BENPOSTA<\/p>\n\t\t\t\t\t    \t\t\t<\/div>\n\t\t\t\t\t    \t\t<\/div>\n\n\t\t\t\t\t    \t\t\n\t\t\t\t\t\t\t\t\n\t\t\t\t\t    \t<\/div>\n\t\t\t\t\t    \t<div class=\"nd_elements_float_left nd_elements_width_50_percentage nd_elements_width_100_percentage_iphone nd_elements_margin_top_20_iphone\">\n\n\t\t\t\t\t    \t\t<div class=\"nd_elements_display_table\">\n\t\t\t\t\t    \t\t\t<div class=\"nd_elements_display_table_cell nd_elements_vertical_align_middle\">\n\t\t\t\t\t    \t\t\t\t<img decoding=\"async\" alt=\"\" class=\" nd_elements_float_left \" width=\"25\" height=\"25\" src=\"https:\/\/benpostacolombia.com\/wp-content\/plugins\/nd-elements\/widgets\/postgrid\/layout\/img\/comment-icon.png\">\n\t\t\t\t\t    \t\t\t<\/div>\n\t\t\t\t\t    \t\t\t<div class=\"nd_elements_display_table_cell nd_elements_vertical_align_middle\">\n\t\t\t\t\t    \t\t\t\t<p class=\"nd_elements_margin_0_important nd_elements_padding_left_10 nd_elements_font_size_15 nd_elements_line_height_15\">0 Comments<\/p>\n\t\t\t\t\t    \t\t\t<\/div>\n\t\t\t\t\t    \t\t<\/div>\n\n\t\t\t\t\t    \t<\/div>\n\t\t\t\t    \t<\/div>\n\n\t\t\t\t    \t\n\t\t\t\t\t\t\n\n\t\t\t\t\t<\/div>\n\n\t\t\t\t<\/div>\n\t\t    \t\n\t\t\t<\/div>\n<\/div>\t\t\t\t<\/div>\n\t\t\t\t<\/div>\n\t\t\t\t\t<\/div>\n\t\t\t\t<\/div>\n\t\t\t\t<\/div>\n\t\t","protected":false},"excerpt":{"rendered":"<p>Voces que Transforman 17 diciembre NOTICIAS Benposta y comunidad educativa de Caloto construyen el &#8216;Mural de la Memoria&#8217; para fomentar la reflexi\u00f3n y el aprendizaje. En Caloto, Benposta desarrolla planes de acci\u00f3n en colegios cercanos a los entornos protectores&#8230; BENPOSTA 0 Comments 3 octubre NOTICIAS Inicia en Bogot\u00e1 el proyecto de protecci\u00f3n integral a la [&hellip;]<\/p>\n","protected":false},"author":1,"featured_media":0,"parent":0,"menu_order":0,"comment_status":"closed","ping_status":"closed","template":"","meta":{"_joinchat":[],"footnotes":""},"class_list":["post-3248","page","type-page","status-publish","hentry"],"_links":{"self":[{"href":"https:\/\/benpostacolombia.com\/en\/wp-json\/wp\/v2\/pages\/3248","targetHints":{"allow":["GET"]}}],"collection":[{"href":"https:\/\/benpostacolombia.com\/en\/wp-json\/wp\/v2\/pages"}],"about":[{"href":"https:\/\/benpostacolombia.com\/en\/wp-json\/wp\/v2\/types\/page"}],"author":[{"embeddable":true,"href":"https:\/\/benpostacolombia.com\/en\/wp-json\/wp\/v2\/users\/1"}],"replies":[{"embeddable":true,"href":"https:\/\/benpostacolombia.com\/en\/wp-json\/wp\/v2\/comments?post=3248"}],"version-history":[{"count":5,"href":"https:\/\/benpostacolombia.com\/en\/wp-json\/wp\/v2\/pages\/3248\/revisions"}],"predecessor-version":[{"id":5989,"href":"https:\/\/benpostacolombia.com\/en\/wp-json\/wp\/v2\/pages\/3248\/revisions\/5989"}],"wp:attachment":[{"href":"https:\/\/benpostacolombia.com\/en\/wp-json\/wp\/v2\/media?parent=3248"}],"curies":[{"name":"wp","href":"https:\/\/api.w.org\/{rel}","templated":true}]}}